{"id":9247,"date":"2020-01-21T17:07:17","date_gmt":"2020-01-21T17:07:17","guid":{"rendered":"https:\/\/www.alide.org.pe\/?page_id=9247"},"modified":"2020-06-26T17:29:50","modified_gmt":"2020-06-26T17:29:50","slug":"cofide-asume-presidencia-latinoamericana-de-entidades-financieras-para-el-desarrollo","status":"publish","type":"page","link":"https:\/\/www.alide.org.pe\/en\/cofide-asume-presidencia-latinoamericana-de-entidades-financieras-para-el-desarrollo\/","title":{"rendered":"Cofide asume presidencia latinoamericana de entidades financieras para el desarrollo"},"content":{"rendered":"<div class=\"wpb-content-wrapper\"><p>[vc_row 0=&#8221;&#8221;][vc_column 0=&#8221;&#8221;][vc_empty_space 0=&#8221;&#8221;][\/vc_column][\/vc_row][vc_row 0=&#8221;&#8221;][vc_column width=&#8221;1\/6&#8243;][\/vc_column][vc_column width=&#8221;2\/3&#8243;][vc_single_image image=&#8221;9248&#8243; img_size=&#8221;full&#8221; alignment=&#8221;center&#8221;][vc_custom_heading 1=&#8221;Latinoamericana&#8221; 2=&#8221;sobre&#8221; 3=&#8221;Financiamiento&#8221; 4=&#8221;e&#8221; 5=&#8221;Impulso&#8221; 6=&#8221;de&#8221; 7=&#8221;los&#8221; 8=&#8221;Negocios&#8221; 9=&#8221;e&#8221; 10=&#8221;Inversiones&#8221; 11=&#8221;Internacionales&#8220;&#8221; text=&#8221;Cofide asume presidencia latinoamericana de entidades financieras para el desarrollo&#8221; font_container=&#8221;tag:h3|text_align:center|color:%23013c7b&#8221; use_theme_fonts=&#8221;yes&#8221;][vc_column_text 0=&#8221;&#8221;]<\/p>\n<ul>\n<li><span style=\"color: #696969;\">Carlos Linares, presidente del Directorio de COFIDE, es elegido m\u00e1ximo representante de la Asociaci\u00f3n Latinoamericana de Instituciones Financieras para el Desarrollo (ALIDE).<\/span><\/li>\n<li><span style=\"color: #696969;\">Directivo peruano liderar\u00e1 iniciativas coordinadas por el desarrollo de la regi\u00f3n, desde esta asociaci\u00f3n que re\u00fane a cerca de 90 entidades financieras.<br \/>\n<\/span><\/li>\n<\/ul>\n<hr \/>\n<p><span style=\"color: #009de5;\"><strong>21 de enero, 2020.-\u00a0<\/strong><\/span>En l\u00ednea con el ordenamiento institucional de la Asociaci\u00f3n Latinoamericana de Instituciones Financieras para el Desarrollo (ALIDE), <a href=\"https:\/\/www.alide.org.pe\/?s=carlos+linares\" target=\"_blank\" rel=\"noopener noreferrer\">Carlos Linares<\/a>, presidente del <a href=\"https:\/\/www.cofide.com.pe\/COFIDE\/\" target=\"_blank\" rel=\"noopener noreferrer\">Directorio de Cofide<\/a>, el Banco de Desarrollo del Per\u00fa, <strong>asume ahora la Presidencia del Consejo Directivo de esta asociaci\u00f3n<\/strong>. El cambio en el ordenamiento institucional se da tras el reciente alejamiento de Juan Curutchet, quien ocupaba el m\u00e1ximo cargo de ALIDE, en su calidad de presidente del <a href=\"https:\/\/www.bancoprovincia.com.ar\/web\" target=\"_blank\" rel=\"noopener noreferrer\">Banco Provincia de Buenos Aires (Bapro)<\/a>.<\/p>\n<p>\u201cEsta elecci\u00f3n es un honor para m\u00ed, y un reconocimiento a los esfuerzos que venimos desplegando desde el Per\u00fa a trav\u00e9s de COFIDE. Desde ALIDE, seguiremos realizando todos <strong>nuestros esfuerzos para compartir <a href=\"https:\/\/www.alide.org.pe\/?s=buenas+practicas\" target=\"_blank\" rel=\"noopener noreferrer\">buenas pr\u00e1cticas<\/a> y conocimientos entre pa\u00edses<\/strong>, siempre bajo el objetivo com\u00fan que nos re\u00fane: alcanzar un <a href=\"https:\/\/www.alide.org.pe\/?s=desarrollo+sostenible\" target=\"_blank\" rel=\"noopener noreferrer\">desarrollo sostenible<\/a> e <a href=\"https:\/\/www.alide.org.pe\/?s=inclusi%C3%B3n+financiera\" target=\"_blank\" rel=\"noopener noreferrer\">inclusivo<\/a> en nuestra regi\u00f3n\u201d, indic\u00f3 Carlos Linares.<\/p>\n<p>El <a href=\"https:\/\/www.alide.org.pe\/alide\/directivo\/consejo-directivo-alide\/\" target=\"_blank\" rel=\"noopener noreferrer\">Consejo Directivo de ALIDE<\/a> es el \u00f3rgano que conduce y orienta las actividades de la asociaci\u00f3n, y es integrado por algunas de las m\u00e1ximas autoridades de bancos e instituciones financieras de desarrollo, elegidas bajo un criterio de representatividad regional.<\/p>\n<p>Adem\u00e1s de Carlos Linares de COFIDE-Per\u00fa, el Consejo Directivo lo integran los vicepresidentes Chesron D.A. Isidora (director ejecutivo de la <a href=\"https:\/\/korpodeko.cw\/\" target=\"_blank\" rel=\"noopener noreferrer\">Corporaci\u00f3n para el Desarrollo de Cura\u00e7ao<\/a>) y Mar\u00eda Jeannette Ruiz (presidenta del <a href=\"https:\/\/www.bncr.fi.cr\/\" target=\"_blank\" rel=\"noopener noreferrer\">Banco Nacional de Costa Rica<\/a>); los directores Sergio Gusm\u00e3o (director presidente del <a href=\"https:\/\/www.bdmg.mg.gov.br\/\" target=\"_blank\" rel=\"noopener noreferrer\">Banco de Desenvolvimento de Minas Gerais<\/a>, Brasil) y Sandra G\u00f3mez (presidenta de la <a href=\"https:\/\/www.findeter.gov.co\/\" target=\"_blank\" rel=\"noopener noreferrer\">Financiera de Desarrollo Territorial,<\/a> Colombia); y Edgardo Alvarez, secretario general de ALIDE.<\/p>\n<p>Carlos Linares es un destacado profesional vinculado al mundo de la banca y la administraci\u00f3n p\u00fablica, con m\u00e1s de 35 a\u00f1os de trayectoria profesional. Se ha desempe\u00f1ado en cargos directivos y gerenciales en instituciones como el Banco de la Naci\u00f3n, Petroper\u00fa y COFIDE. Es licenciado en Econom\u00eda por la Universidad del Pac\u00edfico, y Master of Management por la J L Kellogg Graduate School Management \u2013 Northwestern University.<\/p>\n<p><span style=\"color: #009de5;\"><strong>Acerca de ALIDE<br \/>\n<\/strong><\/span>ALIDE es la comunidad de instituciones financieras que genera soluciones en banca para el desarrollo de Am\u00e9rica Latina y el Caribe. Fundada en 1968, su principal objetivo es contribuir al desarrollo econ\u00f3mico y social de la regi\u00f3n, a trav\u00e9s de las buenas pr\u00e1cticas en financiamiento del desarrollo que impulsa entre sus asociados: cerca de 90 instituciones con presencia en m\u00e1s 20 pa\u00edses de Latinoam\u00e9rica y otras regiones del mundo. Mediante diversas actividades, busca la cohesi\u00f3n y fortalecimiento de la participaci\u00f3n de las instituciones financieras en el proceso de desarrollo regional.<\/p>\n<p><span style=\"color: #009de5;\"><strong>Contacto de prensa<br \/>\n<\/strong><\/span>Hanguk Yun<br \/>\nResponsable de Comunicaci\u00f3n Social de ALIDE<br \/>\nTel\u00e9fono: +511-203-5520 |: Ext: 226<br \/>\n<a href=\"mailto:comunicaciones@alide.org\">comunicaciones@alide.org<\/a><br \/>\n<a href=\"http:\/\/www.alide.org\" target=\"_blank\" rel=\"noopener noreferrer\">www.alide.org<\/a><\/p>\n<p>Luis Garc\u00eda<br \/>\nSubgerente de Marketing y Comunicaciones de COFIDE<br \/>\nTel\u00e9fono: 6154000, anexo: 2925.<br \/>\n<a href=\"mailto:lgarcia@cofide.com.pe\">lgarcia@cofide.com.pe<\/a><br \/>\n<a href=\"http:\/\/www.cofide.com.pe\" target=\"_blank\" rel=\"noopener noreferrer\">www.cofide.com.pe<\/a>[\/vc_column_text][\/vc_column][\/vc_row][vc_row 0=&#8221;&#8221;][vc_column 0=&#8221;&#8221;][\/vc_column][\/vc_row]<\/p>\n<\/div>","protected":false},"excerpt":{"rendered":"<p>[vc_row 0=&#8221;&#8221;][vc_column 0=&#8221;&#8221;][vc_empty_space 0=&#8221;&#8221;][\/vc_column][\/vc_row][vc_row 0=&#8221;&#8221;][vc_column width=&#8221;1\/6&#8243;][\/vc_column][vc_column width=&#8221;2\/3&#8243;][vc_single_image image=&#8221;9248&#8243; img_size=&#8221;full&#8221; alignment=&#8221;center&#8221;][vc_custom_heading 1=&#8221;Latinoamericana&#8221; 2=&#8221;sobre&#8221; 3=&#8221;Financiamiento&#8221; 4=&#8221;e&#8221; 5=&#8221;Impulso&#8221; 6=&#8221;de&#8221; 7=&#8221;los&#8221; 8=&#8221;Negocios&#8221; 9=&#8221;e&#8221; 10=&#8221;Inversiones&#8221; 11=&#8221;Internacionales&#8220;&#8221; text=&#8221;Cofide asume presidencia latinoamericana de<span class=\"excerpt-hellip\"> [\u2026]<\/span><\/p>\n","protected":false},"author":3,"featured_media":0,"parent":0,"menu_order":0,"comment_status":"closed","ping_status":"closed","template":"","meta":{"_uag_custom_page_level_css":"","footnotes":""},"class_list":["post-9247","page","type-page","status-publish","hentry"],"yoast_head":"<!-- This site is optimized with the Yoast SEO plugin v26.1.1 - https:\/\/yoast.com\/wordpress\/plugins\/seo\/ -->\n<title>Cofide asume presidencia latinoamericana de entidades financieras para el desarrollo - ALIDE<\/title>\n<meta name=\"robots\" content=\"index, follow, max-snippet:-1, max-image-preview:large, max-video-preview:-1\" \/>\n<link rel=\"canonical\" href=\"https:\/\/www.alide.org.pe\/en\/cofide-asume-presidencia-latinoamericana-de-entidades-financieras-para-el-desarrollo\/\" \/>\n<meta property=\"og:locale\" content=\"en_US\" \/>\n<meta property=\"og:type\" content=\"article\" \/>\n<meta property=\"og:title\" content=\"Cofide asume presidencia latinoamericana de entidades financieras para el desarrollo - ALIDE\" \/>\n<meta property=\"og:description\" content=\"[vc_row 0=&#8221;&#8221;][vc_column 0=&#8221;&#8221;][vc_empty_space 0=&#8221;&#8221;][\/vc_column][\/vc_row][vc_row 0=&#8221;&#8221;][vc_column width=&#8221;1\/6&#8243;][\/vc_column][vc_column width=&#8221;2\/3&#8243;][vc_single_image image=&#8221;9248&#8243; img_size=&#8221;full&#8221; alignment=&#8221;center&#8221;][vc_custom_heading 1=&#8221;Latinoamericana&#8221; 2=&#8221;sobre&#8221; 3=&#8221;Financiamiento&#8221; 4=&#8221;e&#8221; 5=&#8221;Impulso&#8221; 6=&#8221;de&#8221; 7=&#8221;los&#8221; 8=&#8221;Negocios&#8221; 9=&#8221;e&#8221; 10=&#8221;Inversiones&#8221; 11=&#8221;Internacionales&#8220;&#8221; text=&#8221;Cofide asume presidencia latinoamericana de [\u2026]\" \/>\n<meta property=\"og:url\" content=\"https:\/\/www.alide.org.pe\/en\/cofide-asume-presidencia-latinoamericana-de-entidades-financieras-para-el-desarrollo\/\" \/>\n<meta property=\"og:site_name\" content=\"ALIDE\" \/>\n<meta property=\"article:publisher\" content=\"https:\/\/www.facebook.com\/alideoficial\/\" \/>\n<meta property=\"article:modified_time\" content=\"2020-06-26T17:29:50+00:00\" \/>\n<meta name=\"twitter:card\" content=\"summary_large_image\" \/>\n<meta name=\"twitter:site\" content=\"@_ALIDE_\" \/>\n<meta name=\"twitter:label1\" content=\"Est. reading time\" \/>\n\t<meta name=\"twitter:data1\" content=\"3 minutes\" \/>\n<script type=\"application\/ld+json\" class=\"yoast-schema-graph\">{\"@context\":\"https:\/\/schema.org\",\"@graph\":[{\"@type\":\"WebPage\",\"@id\":\"https:\/\/www.alide.org.pe\/en\/cofide-asume-presidencia-latinoamericana-de-entidades-financieras-para-el-desarrollo\/\",\"url\":\"https:\/\/www.alide.org.pe\/en\/cofide-asume-presidencia-latinoamericana-de-entidades-financieras-para-el-desarrollo\/\",\"name\":\"Cofide asume presidencia latinoamericana de entidades financieras para el desarrollo - ALIDE\",\"isPartOf\":{\"@id\":\"https:\/\/www.alide.org.pe\/#website\"},\"datePublished\":\"2020-01-21T17:07:17+00:00\",\"dateModified\":\"2020-06-26T17:29:50+00:00\",\"breadcrumb\":{\"@id\":\"https:\/\/www.alide.org.pe\/en\/cofide-asume-presidencia-latinoamericana-de-entidades-financieras-para-el-desarrollo\/#breadcrumb\"},\"inLanguage\":\"en-US\",\"potentialAction\":[{\"@type\":\"ReadAction\",\"target\":[\"https:\/\/www.alide.org.pe\/en\/cofide-asume-presidencia-latinoamericana-de-entidades-financieras-para-el-desarrollo\/\"]}]},{\"@type\":\"BreadcrumbList\",\"@id\":\"https:\/\/www.alide.org.pe\/en\/cofide-asume-presidencia-latinoamericana-de-entidades-financieras-para-el-desarrollo\/#breadcrumb\",\"itemListElement\":[{\"@type\":\"ListItem\",\"position\":1,\"name\":\"Portada\",\"item\":\"https:\/\/www.alide.org.pe\/en\/\"},{\"@type\":\"ListItem\",\"position\":2,\"name\":\"Cofide asume presidencia latinoamericana de entidades financieras para el desarrollo\"}]},{\"@type\":\"WebSite\",\"@id\":\"https:\/\/www.alide.org.pe\/#website\",\"url\":\"https:\/\/www.alide.org.pe\/\",\"name\":\"ALIDE\",\"description\":\"Asociaci\u00f3n Latinoamericana de Instituciones Financieras para el Desarrollo\",\"potentialAction\":[{\"@type\":\"SearchAction\",\"target\":{\"@type\":\"EntryPoint\",\"urlTemplate\":\"https:\/\/www.alide.org.pe\/?s={search_term_string}\"},\"query-input\":{\"@type\":\"PropertyValueSpecification\",\"valueRequired\":true,\"valueName\":\"search_term_string\"}}],\"inLanguage\":\"en-US\"}]}<\/script>\n<!-- \/ Yoast SEO plugin. -->","yoast_head_json":{"title":"Cofide asume presidencia latinoamericana de entidades financieras para el desarrollo - ALIDE","robots":{"index":"index","follow":"follow","max-snippet":"max-snippet:-1","max-image-preview":"max-image-preview:large","max-video-preview":"max-video-preview:-1"},"canonical":"https:\/\/www.alide.org.pe\/en\/cofide-asume-presidencia-latinoamericana-de-entidades-financieras-para-el-desarrollo\/","og_locale":"en_US","og_type":"article","og_title":"Cofide asume presidencia latinoamericana de entidades financieras para el desarrollo - ALIDE","og_description":"[vc_row 0=&#8221;&#8221;][vc_column 0=&#8221;&#8221;][vc_empty_space 0=&#8221;&#8221;][\/vc_column][\/vc_row][vc_row 0=&#8221;&#8221;][vc_column width=&#8221;1\/6&#8243;][\/vc_column][vc_column width=&#8221;2\/3&#8243;][vc_single_image image=&#8221;9248&#8243; img_size=&#8221;full&#8221; alignment=&#8221;center&#8221;][vc_custom_heading 1=&#8221;Latinoamericana&#8221; 2=&#8221;sobre&#8221; 3=&#8221;Financiamiento&#8221; 4=&#8221;e&#8221; 5=&#8221;Impulso&#8221; 6=&#8221;de&#8221; 7=&#8221;los&#8221; 8=&#8221;Negocios&#8221; 9=&#8221;e&#8221; 10=&#8221;Inversiones&#8221; 11=&#8221;Internacionales&#8220;&#8221; text=&#8221;Cofide asume presidencia latinoamericana de [\u2026]","og_url":"https:\/\/www.alide.org.pe\/en\/cofide-asume-presidencia-latinoamericana-de-entidades-financieras-para-el-desarrollo\/","og_site_name":"ALIDE","article_publisher":"https:\/\/www.facebook.com\/alideoficial\/","article_modified_time":"2020-06-26T17:29:50+00:00","twitter_card":"summary_large_image","twitter_site":"@_ALIDE_","twitter_misc":{"Est. reading time":"3 minutes"},"schema":{"@context":"https:\/\/schema.org","@graph":[{"@type":"WebPage","@id":"https:\/\/www.alide.org.pe\/en\/cofide-asume-presidencia-latinoamericana-de-entidades-financieras-para-el-desarrollo\/","url":"https:\/\/www.alide.org.pe\/en\/cofide-asume-presidencia-latinoamericana-de-entidades-financieras-para-el-desarrollo\/","name":"Cofide asume presidencia latinoamericana de entidades financieras para el desarrollo - ALIDE","isPartOf":{"@id":"https:\/\/www.alide.org.pe\/#website"},"datePublished":"2020-01-21T17:07:17+00:00","dateModified":"2020-06-26T17:29:50+00:00","breadcrumb":{"@id":"https:\/\/www.alide.org.pe\/en\/cofide-asume-presidencia-latinoamericana-de-entidades-financieras-para-el-desarrollo\/#breadcrumb"},"inLanguage":"en-US","potentialAction":[{"@type":"ReadAction","target":["https:\/\/www.alide.org.pe\/en\/cofide-asume-presidencia-latinoamericana-de-entidades-financieras-para-el-desarrollo\/"]}]},{"@type":"BreadcrumbList","@id":"https:\/\/www.alide.org.pe\/en\/cofide-asume-presidencia-latinoamericana-de-entidades-financieras-para-el-desarrollo\/#breadcrumb","itemListElement":[{"@type":"ListItem","position":1,"name":"Portada","item":"https:\/\/www.alide.org.pe\/en\/"},{"@type":"ListItem","position":2,"name":"Cofide asume presidencia latinoamericana de entidades financieras para el desarrollo"}]},{"@type":"WebSite","@id":"https:\/\/www.alide.org.pe\/#website","url":"https:\/\/www.alide.org.pe\/","name":"ALIDE","description":"Asociaci\u00f3n Latinoamericana de Instituciones Financieras para el Desarrollo","potentialAction":[{"@type":"SearchAction","target":{"@type":"EntryPoint","urlTemplate":"https:\/\/www.alide.org.pe\/?s={search_term_string}"},"query-input":{"@type":"PropertyValueSpecification","valueRequired":true,"valueName":"search_term_string"}}],"inLanguage":"en-US"}]}},"uagb_featured_image_src":{"full":false,"thumbnail":false,"medium":false,"medium_large":false,"large":false,"1536x1536":false,"2048x2048":false,"post-thumbnail":false,"50x50":false,"clients-slider":false,"slider-content":false,"testimonials":false,"blog-navi":false,"portfolio-mf":false,"portfolio-mf-w":false,"portfolio-mf-t":false,"portfolio-list":false,"blog-portfolio":false,"blog-single":false},"uagb_author_info":{"display_name":"ALIDE","author_link":"https:\/\/www.alide.org.pe\/en\/author\/hanguk\/"},"uagb_comment_info":0,"uagb_excerpt":"[vc_row 0=&#8221;&#8221;][vc_column 0=&#8221;&#8221;][vc_empty_space 0=&#8221;&#8221;][\/vc_column][\/vc_row][vc_row 0=&#8221;&#8221;][vc_column width=&#8221;1\/6&#8243;][\/vc_column][vc_column width=&#8221;2\/3&#8243;][vc_single_image image=&#8221;9248&#8243; img_size=&#8221;full&#8221; alignment=&#8221;center&#8221;][vc_custom_heading 1=&#8221;Latinoamericana&#8221; 2=&#8221;sobre&#8221; 3=&#8221;Financiamiento&#8221; 4=&#8221;e&#8221; 5=&#8221;Impulso&#8221; 6=&#8221;de&#8221; 7=&#8221;los&#8221; 8=&#8221;Negocios&#8221; 9=&#8221;e&#8221; 10=&#8221;Inversiones&#8221; 11=&#8221;Internacionales&#8220;&#8221; text=&#8221;Cofide asume presidencia latinoamericana de [\u2026]","_links":{"self":[{"href":"https:\/\/www.alide.org.pe\/en\/wp-json\/wp\/v2\/pages\/9247","targetHints":{"allow":["GET"]}}],"collection":[{"href":"https:\/\/www.alide.org.pe\/en\/wp-json\/wp\/v2\/pages"}],"about":[{"href":"https:\/\/www.alide.org.pe\/en\/wp-json\/wp\/v2\/types\/page"}],"author":[{"embeddable":true,"href":"https:\/\/www.alide.org.pe\/en\/wp-json\/wp\/v2\/users\/3"}],"replies":[{"embeddable":true,"href":"https:\/\/www.alide.org.pe\/en\/wp-json\/wp\/v2\/comments?post=9247"}],"version-history":[{"count":3,"href":"https:\/\/www.alide.org.pe\/en\/wp-json\/wp\/v2\/pages\/9247\/revisions"}],"predecessor-version":[{"id":14150,"href":"https:\/\/www.alide.org.pe\/en\/wp-json\/wp\/v2\/pages\/9247\/revisions\/14150"}],"wp:attachment":[{"href":"https:\/\/www.alide.org.pe\/en\/wp-json\/wp\/v2\/media?parent=9247"}],"curies":[{"name":"wp","href":"https:\/\/api.w.org\/{rel}","templated":true}]}}