{"id":33326,"date":"2026-04-20T20:08:05","date_gmt":"2026-04-20T20:08:05","guid":{"rendered":"https:\/\/www.alide.org.pe\/?page_id=33326"},"modified":"2026-04-24T22:01:38","modified_gmt":"2026-04-24T22:01:38","slug":"noticias-de-alide-2025","status":"publish","type":"page","link":"https:\/\/www.alide.org.pe\/en\/sala-de-prensa\/noticias-de-alide-2025\/","title":{"rendered":"ALIDE News 2025"},"content":{"rendered":"<div class=\"wpb-content-wrapper\"><p>[vc_row][vc_column][vc_column_text]<div class=\"global-year-selector\" style=\"display: flex; align-items: center; gap: 12px; margin-bottom: 20px;\">\r\n\t<label for=\"yearSelect\" style=\"font-weight: bold; font-size: 16px;\">Select year: <\/label>\r\n\t<select id=\"yearSelect\" style=\"padding: 8px 40px 8px 12px; font-size: 16px; border-radius: 6px; border: 1px solid #ccc; background-color: #fff; background-image: url('data:image\/svg+xml,%3Csvg viewBox=\\'0 0 140 140\\' xmlns=\\'http:\/\/www.w3.org\/2000\/svg\\'%3E%3Cpath d=\\'M35 50 L70 90 L105 50\\' stroke=\\'%23666\\' stroke-width=\\'15\\' fill=\\'none\\' stroke-linecap=\\'round\\'\/%3E%3C\/svg%3E'); background-repeat: no-repeat; background-position: right 12px center; background-size: 16px;\">\r\n\t\t<option value=\"\" selected disabled>--- Select ---<\/option>\r\n\t\t<option value=\"2025\">2025<\/option>\r\n\t\t<option value=\"2024\">2024<\/option>\r\n\t\t<option value=\"2023\">2023<\/option>\r\n\t\t<option value=\"2022\">2022<\/option>\r\n\t\t<option value=\"2021\">2021<\/option>\r\n\t\t<option value=\"2020\">2020<\/option>\r\n\t\t<option value=\"2019\">2019<\/option>\r\n\t\t<option value=\"2018\">2018<\/option>\r\n\t\t<option value=\"2017\">2017<\/option>\r\n\t<\/select>\r\n<\/div>\r\n\r\n<script>\r\n  const yearUrls = {\r\n    \"2025\": \"https:\/\/www.alide.org.pe\/en\/sala-de-prensa\/noticias-de-alide-2025\/\",\r\n    \"2024\": \"https:\/\/www.alide.org.pe\/en\/alide-news-2024\/\",\r\n    \"2023\": \"https:\/\/www.alide.org.pe\/en\/alide-news-2023\/\",\r\n    \"2022\": \"https:\/\/www.alide.org.pe\/en\/alide-news-2022\/\",\r\n    \"2021\": \"https:\/\/www.alide.org.pe\/en\/sala-de-prensa-noticias-de-alide-2021\/\",\r\n    \"2020\": \"https:\/\/www.alide.org.pe\/en\/alide-news-2020\/\",\r\n    \"2019\": \"https:\/\/www.alide.org.pe\/en\/alide-news-2019\/\",\r\n    \"2018\": \"https:\/\/www.alide.org.pe\/en\/alide-news-2018\/\",\r\n\t\"2017\": \"https:\/\/www.alide.org.pe\/en\/sala-de-prensa\/alide-news-2017\/\"\r\n  };\r\n\r\n  document.getElementById('yearSelect').addEventListener('change', function () {\r\n    const selectedYear = this.value;\r\n    const targetUrl = yearUrls[selectedYear];\r\n    if (targetUrl) {\r\n      window.location.href = targetUrl;\r\n    }\r\n  });\r\n<\/script>\r\n[\/vc_column_text][vc_custom_heading text=&#8221;<strong>ALIDE News 2025<\/strong>&#8221; font_container=&#8221;tag:h2|font_size:30px|text_align:left|color:%23013c7b&#8221; use_theme_fonts=&#8221;yes&#8221;][vc_separator][\/vc_column][\/vc_row][vc_row][vc_column width=&#8221;1\/3&#8243;][vc_single_image image=&#8221;32987&#8243; img_size=&#8221;medium&#8221;][\/vc_column][vc_column width=&#8221;2\/3&#8243;][vc_column_text]<a href=\"https:\/\/www.alide.org.pe\/en\/alide-56th-general-assembly-asuncion-2026\/\"><span style=\"color: #0095ec;\"><strong>ALIDE announces that its 56th General Assembly will be held in Asunci\u00f3n in May 2026<\/strong><\/span><\/a><strong><br \/>\n<\/strong><strong>December, 2025.-<\/strong> The\u00a0<a href=\"https:\/\/www.alide.org.pe\/en\/\">Latin American Association of Development Financing Institutions (ALIDE)<\/a> has confirmed that its 56th General Assembly will take place from\u00a0<strong>May 20 to 22, 2026, in Asunci\u00f3n, Paraguay<\/strong>, with the\u00a0<a href=\"https:\/\/www.bnf.gov.py\/bnf\/web\/#\/\">National Development Bank (BNF)<\/a>\u00a0as the host institution. <a href=\"https:\/\/www.alide.org.pe\/en\/alide-56th-general-assembly-asuncion-2026\/\"><span style=\"color: #0095ec;\">Read More<\/span><\/a>[\/vc_column_text][\/vc_column][\/vc_row][vc_row][vc_column width=&#8221;1\/3&#8243;][vc_single_image image=&#8221;32887&#8243; img_size=&#8221;medium&#8221;][\/vc_column][vc_column width=&#8221;2\/3&#8243;][vc_column_text]<a href=\"https:\/\/www.alide.org.pe\/en\/alide-drives-energy-transition-and-climate-finance-at-cop30\/\"><span style=\"color: #0095ec;\"><strong>ALIDE Drives Energy Transition and Climate Action at COP30<\/strong><\/span><\/a><strong><br \/>\n<\/strong><strong>November, 2025.-<\/strong> The\u00a0<a href=\"https:\/\/www.alide.org.pe\/en\/\">Latin American Association of Development Financing Institutions (ALIDE)<\/a>\u00a0took part in the\u00a0<a href=\"https:\/\/cop30.br\/en\">United Nations Climate Change Conference (COP30)<\/a>, held in Bel\u00e9m, Brazil, from November 10 to 21, reaffirming the commitment of Latin America and the Caribbean\u2019s development banks to energy transition, climate finance, and sustainable bioeconomy. <a href=\"https:\/\/www.alide.org.pe\/en\/alide-drives-energy-transition-and-climate-finance-at-cop30\/\"><span style=\"color: #0095ec;\">Read More<\/span><\/a>[\/vc_column_text][\/vc_column][\/vc_row][vc_row][vc_column width=&#8221;1\/3&#8243;][vc_single_image image=&#8221;32885&#8243; img_size=&#8221;medium&#8221;][\/vc_column][vc_column width=&#8221;2\/3&#8243;][vc_column_text]<a href=\"https:\/\/www.alide.org.pe\/en\/alide-moderates-panel-on-resilient-agrifood-systems-in-kenya\/\"><span style=\"color: #0095ec;\"><strong>ALIDE Moderates Panel on Resilient Agrifood Systems at the 8th World Congress on Rural and Agricultural Finance<\/strong><\/span><\/a><strong><br \/>\n<\/strong><strong>November, 2025.-<\/strong> The\u00a0<a href=\"https:\/\/www.alide.org.pe\/\">Latin American Association of Development Financing Institutions (ALIDE)\u00a0<\/a>participated in the\u00a0<a href=\"https:\/\/world-congress.afraca.org\/\">8th World Congress on Rural and Agricultural Finance<\/a>, a global event held in Mombasa, Kenya, that brought together financial institutions, policymakers, and international organizations committed to strengthening financing for rural and agricultural development.\u00a0<a href=\"https:\/\/www.alide.org.pe\/en\/alide-moderates-panel-on-resilient-agrifood-systems-in-kenya\/\"><span style=\"color: #0095ec;\">Read More<\/span><\/a>[\/vc_column_text][\/vc_column][\/vc_row][vc_row][vc_column width=&#8221;1\/3&#8243;][vc_single_image image=&#8221;32882&#8243; img_size=&#8221;medium&#8221;][\/vc_column][vc_column width=&#8221;2\/3&#8243;][vc_column_text]<a href=\"https:\/\/www.alide.org.pe\/en\/alide-promotes-climate-finance-in-latin-america-and-the-caribbean\/\"><span style=\"color: #0095ec;\"><strong>ALIDE Participates in the XXIV Meeting of the Forum of Ministers of the Environment of LAC<\/strong><\/span><\/a><strong><br \/>\n<\/strong><strong>October, 2025.-<\/strong> The\u00a0<a href=\"https:\/\/www.alide.org.pe\/\">Latin American Association of Development Financing Institutions (ALIDE)<\/a>\u00a0took part in the session\u00a0<a href=\"https:\/\/drive.google.com\/file\/d\/1sgoB1DYv7_bCSgejc3WZkBji0KdumdOX\/view\"><em>\u201cAccelerating Access to Multilateral and Private Financing for Ecosystem Restoration and Climate Action in Latin America and the Caribbean,\u201d<\/em><\/a>\u00a0held within the framework of the\u00a0<a href=\"https:\/\/www.unep.org\/es\/events\/evento-de-onu-medio-ambiente\/xxiv-reunion-del-foro-de-ministras-y-ministros-de-medio\">XXIV Meeting of the Forum of Ministers of the Environment of Latin America and the Caribbean<\/a>, in Lima.\u00a0<a href=\"https:\/\/www.alide.org.pe\/en\/alide-promotes-climate-finance-in-latin-america-and-the-caribbean\/\"><span style=\"color: #0095ec;\">Read More<\/span><\/a>[\/vc_column_text][\/vc_column][\/vc_row][vc_row][vc_column width=&#8221;1\/3&#8243;][vc_single_image image=&#8221;32321&#8243; img_size=&#8221;medium&#8221;][\/vc_column][vc_column width=&#8221;2\/3&#8243;][vc_column_text]<a href=\"https:\/\/www.alide.org.pe\/en\/alide-highlights-sustainable-investment-at-cifit-2025-in-xiamen\/\"><span style=\"color: #0095ec;\"><strong>ALIDE highlights the importance of sustainable investment at CIFIT 2025 in Xiamen<\/strong><\/span><\/a><strong><br \/>\n<\/strong><strong>September, 2025.-<\/strong> At the China International Fair for Investment and Trade (CIFIT 2025), held in Xiamen, <a href=\"https:\/\/www.alide.org.pe\/en\/\">ALIDE<\/a> reaffirmed its commitment to sustainable investment. During the <a href=\"https:\/\/unctad.org\/topic\/investment\/future-investment-conference-2025\">Future Investment Conference<\/a>, its Secretary General, Edgardo \u00c1lvarez, highlighted the role of development banks as a bridge between the needs of Latin America and the Caribbean and global capital, emphasizing the importance of resilient, profitable, and socially impactful projects.\u00a0<a href=\"https:\/\/www.alide.org.pe\/en\/alide-highlights-sustainable-investment-at-cifit-2025-in-xiamen\/\"><span style=\"color: #0095ec;\">Read More<\/span><\/a>[\/vc_column_text][\/vc_column][\/vc_row][vc_row][vc_column width=&#8221;1\/3&#8243;][vc_single_image image=&#8221;31810&#8243; img_size=&#8221;medium&#8221;][\/vc_column][vc_column width=&#8221;2\/3&#8243;][vc_column_text]<a href=\"https:\/\/www.alide.org.pe\/en\/alide-highlighted-the-role-of-development-banking-in-the-sustainability-of-andean-agrifood-systems\/\"><span style=\"color: #0095ec;\"><strong>ALIDE highlighted the role of development banking in the sustainability of andean agrifood systems<\/strong><\/span><\/a><strong><br \/>\n<\/strong><strong>August, 2025.-<\/strong> The\u00a0<a href=\"https:\/\/www.alide.org.pe\/en\/\">Latin\u00a0American Association of Development Financing Institutions (ALIDE)<\/a>\u00a0actively participated in the international meeting \u00ab<em>Andean Dialogue for Action: Policies to Promote Productivity for the Sustainability of Agrifood Systems\u00bb<\/em>, held on August 18\u201319 in Lima. <a href=\"https:\/\/www.alide.org.pe\/en\/alide-highlighted-the-role-of-development-banking-in-the-sustainability-of-andean-agrifood-systems\/\"><span style=\"color: #0095ec;\">Read More<\/span><\/a>[\/vc_column_text][\/vc_column][\/vc_row][vc_row][vc_column width=&#8221;1\/3&#8243;][vc_single_image image=&#8221;31964&#8243; img_size=&#8221;medium&#8221;][\/vc_column][vc_column width=&#8221;2\/3&#8243;][vc_column_text]<a href=\"https:\/\/www.alide.org.pe\/en\/dfc-of-belize-obtain-green-climate-fund-accreditation\/\"><span style=\"color: #0095ec;\"><strong>DFC of Belize obtains Green Climate Fund accreditation<\/strong><\/span><\/a><strong><br \/>\n<\/strong><strong>July, 2025.- <\/strong>The\u00a0<a href=\"https:\/\/www.dfcbelize.org\/\">De<\/a><a href=\"https:\/\/www.dfcbelize.org\/\">velopment<\/a><a href=\"https:\/\/www.dfcbelize.org\/\"> Finance<\/a><a href=\"https:\/\/www.dfcbelize.org\/\"> Corporation<\/a><a href=\"https:\/\/www.dfcbelize.org\/\"> (DFC)<\/a>of Belize,\u00a0a member institution of the\u00a0<a href=\"https:\/\/www.alide.org.pe\/en\/\">Latin American Association of Development Financing Institutions (ALIDE)<\/a>,has been officially accredited by the\u00a0<a href=\"https:\/\/www.greenclimate.fund\/\">G<\/a><a href=\"https:\/\/www.greenclimate.fund\/\">reen<\/a><a href=\"https:\/\/www.greenclimate.fund\/\"> Climate<\/a><a href=\"https:\/\/www.greenclimate.fund\/\"> Fund<\/a><a href=\"https:\/\/www.greenclimate.fund\/\"> (GCF)<\/a><strong>,<\/strong> marking a historic milestone in consolidating its leadership in both national and international climate action.\u00a0<a href=\"https:\/\/www.alide.org.pe\/en\/dfc-of-belize-obtain-green-climate-fund-accreditation\/\"><span style=\"color: #0095ec;\">Read More<\/span><\/a>[\/vc_column_text][\/vc_column][\/vc_row][vc_row][vc_column width=&#8221;1\/3&#8243;][vc_single_image image=&#8221;31540&#8243; img_size=&#8221;medium&#8221;][\/vc_column][vc_column width=&#8221;2\/3&#8243;][vc_column_text]<a href=\"https:\/\/www.alide.org.pe\/en\/ffd4-alide-sevilla-platform\/\"><span style=\"color: #0095ec;\"><strong>FFD4: ALIDE\u2019s initiative takes part in the launch of the Sevilla Platform for Action<\/strong><\/span><\/a><strong><br \/>\n<\/strong><strong>June, 2025.- <\/strong>As part of the launch, <a href=\"https:\/\/financing.desa.un.org\/sites\/default\/files\/ffd4-documents\/2025\/FFD4%20SEVILLA%20PLATFORM%20FOR%20ACTION%20INITIATIVES_Full%20List%20.pdf\">a list of approved initiatives<\/a> was published and incorporated into the digital registry hosted on the summit\u2019s official website. This registry will serve as a space for transparency and exchange, enabling key actors to interact with the initiatives and track their progress.\u00a0Among the highlighted initiatives is <em>\u00ab<\/em>Foresight for Sustainable Finance<em>\u00bb<\/em>, led by ALIDE.\u00a0<a href=\"https:\/\/www.alide.org.pe\/en\/ffd4-alide-sevilla-platform\/\"><span style=\"color: #0095ec;\">Read More<\/span><\/a>[\/vc_column_text][\/vc_column][\/vc_row][vc_row][vc_column width=&#8221;1\/3&#8243;][vc_single_image image=&#8221;31473&#8243; img_size=&#8221;medium&#8221;][\/vc_column][vc_column width=&#8221;2\/3&#8243;][vc_column_text]<a href=\"https:\/\/www.alide.org.pe\/en\/a-successful-cooperation-between-afd-and-alide-for-more-sustainable-economic-development\/\"><span style=\"color: #0095ec;\"><strong>A successful cooperation between AFD and ALIDE for more sustainable economic development<\/strong><\/span><\/a><strong><br \/>\n<\/strong><strong>June, 2025.- <\/strong><span style=\"font-weight: 400;\">During the closing of ALIDE\u2019s 55th General Assembly, held in Santo Domingo from May 12 to 14, the <a href=\"https:\/\/www.alide.org.pe\/en\/\">Latin American Association of Development Financing Institutions (ALIDE)<\/a> and the <a href=\"https:\/\/www.afd.fr\/en\">French Development Agency (AFD)<\/a> <strong>reaffirmed their commitment to cooperate<\/strong> towards their shared goal of promoting a sustainable economic and financial transition in Latin America and the Caribbean. <\/span><a href=\"https:\/\/www.alide.org.pe\/en\/a-successful-cooperation-between-afd-and-alide-for-more-sustainable-economic-development\/\"><span style=\"color: #0095ec;\">Read More<\/span><\/a>[\/vc_column_text][\/vc_column][\/vc_row][vc_row][vc_column width=&#8221;1\/3&#8243;][vc_single_image image=&#8221;31480&#8243; img_size=&#8221;medium&#8221;][\/vc_column][vc_column width=&#8221;2\/3&#8243;][vc_column_text]<a href=\"https:\/\/www.alide.org.pe\/en\/superintendence-of-popular-and-solidarity-economy-seps-joins-alide-as-a-new-collaborating-member\/\"><span style=\"color: #0095ec;\"><strong>Ecuador\u2019s Superintendence of Popular and Solidarity Economy (SEPS) joins ALIDE as a new collaborating member<\/strong><\/span><\/a><strong><br \/>\n<\/strong><strong>June, 2025.- <\/strong><span style=\"font-weight: 400;\">The <a href=\"https:\/\/www.seps.gob.ec\/\">Superintendence of Popular and Solidarity Economy (SEPS)<\/a> of Ecuador has joined the <a href=\"https:\/\/www.alide.org.pe\/en\/\">Latin American Association of Development Financing Institutions (ALIDE)<\/a> as a collaborating member. This move reinforces ALIDE\u2019s vision of integrating strategic actors from the financial landscape of Latin America and the Caribbean, with a focus on inclusion, sustainability, and institutional strengthening.<\/span>\u00a0<a href=\"https:\/\/www.alide.org.pe\/en\/superintendence-of-popular-and-solidarity-economy-seps-joins-alide-as-a-new-collaborating-member\/\"><span style=\"color: #0095ec;\">Read More<\/span><\/a>[\/vc_column_text][\/vc_column][\/vc_row][vc_row][vc_column width=&#8221;1\/3&#8243;][vc_single_image image=&#8221;31482&#8243; img_size=&#8221;medium&#8221;][\/vc_column][vc_column width=&#8221;2\/3&#8243;][vc_column_text]<a href=\"https:\/\/www.alide.org.pe\/en\/fonprode-aecid-joins-alide-as-a-new-adhering-member\/\"><span style=\"color: #0095ec;\"><strong>FONPRODE\/AECID joins ALIDE as a new adhering member<\/strong><\/span><\/a><strong><br \/>\n<\/strong><strong>June, 2025.- <\/strong><span style=\"font-weight: 400;\">The <a href=\"https:\/\/www.aecid.es\/en\/fondo-para-la-promocion-del-desarrollo\">Fund for the Promotion of Development (FONPRODE)<\/a>, one of the main financial instruments of Spanish Cooperation and administered by the <a href=\"https:\/\/www.aecid.es\/en\/inicio\">Spanish Agency for International Development Cooperation (AECID)<\/a>, has joined the <a href=\"https:\/\/www.alide.org.pe\/en\/\">Latin American Association of Development Financing Institutions (ALIDE)<\/a> as a new adhering member.<\/span>\u00a0<a href=\"https:\/\/www.alide.org.pe\/en\/fonprode-aecid-joins-alide-as-a-new-adhering-member\/\"><span style=\"color: #0095ec;\">Read More<\/span><\/a>[\/vc_column_text][\/vc_column][\/vc_row][vc_row][vc_column width=&#8221;1\/3&#8243;][vc_single_image image=&#8221;31205&#8243; img_size=&#8221;medium&#8221;][\/vc_column][vc_column width=&#8221;2\/3&#8243;][vc_column_text]<a href=\"https:\/\/www.alide.org.pe\/en\/the-55th-alide-assembly-concluded-with-a-call-for-comprehensive-cooperation\/\"><span style=\"color: #0095ec;\"><strong>The 55th ALIDE Assembly concluded with a call for comprehensive cooperation to address development challenges<\/strong><\/span><\/a><strong><br \/>\n<\/strong><strong>May, 2025.- <\/strong><span style=\"font-weight: 400;\">The 55<sup>th<\/sup>\u00a0General Assembly of the\u00a0<a href=\"https:\/\/www.alide.org.pe\/en\/\">Latin American Association of Development Finance Institutions (ALIDE)<\/a>, held in Santo Domingo, concluded with an emphatic call to intensify regional cooperation, promote financial innovation, and coordinate joint efforts to address the multiple challenges facing Latin America and the Caribbean on their path to sustainable development.<\/span>\u00a0<a href=\"https:\/\/www.alide.org.pe\/en\/the-55th-alide-assembly-concluded-with-a-call-for-comprehensive-cooperation\/\"><span style=\"color: #0095ec;\">Read More<\/span><\/a>[\/vc_column_text][\/vc_column][\/vc_row][vc_row][vc_column width=&#8221;1\/3&#8243;][vc_single_image image=&#8221;31203&#8243; img_size=&#8221;medium&#8221;][\/vc_column][vc_column width=&#8221;2\/3&#8243;][vc_column_text]<a href=\"https:\/\/www.alide.org.pe\/en\/alide-awarded-eleven-dfis-that-promote-best-practices-and-innovation\/\"><span style=\"color: #0095ec;\"><strong>ALIDE awarded eleven DFIs that promote best practices and innovation<\/strong><\/span><\/a><strong><br \/>\n<\/strong><strong>May, 2025.- <\/strong><span style=\"font-weight: 400;\">During the second day of the 55<sup>th<\/sup> General Assembly of the <a href=\"https:\/\/www.alide.org.pe\/en\/\">Latin American Association of Development Finance Institutions (ALIDE)<\/a>, held in Santo Domingo and co-organized with Banco Agr\u00edcola de la Rep\u00fablica Dominicana\u2014host of this edition\u2014the ALIDE Awards 2025 ceremony and the Bank of the Year recognition were held.<\/span>\u00a0<a href=\"https:\/\/www.alide.org.pe\/en\/alide-awarded-eleven-dfis-that-promote-best-practices-and-innovation\/\"><span style=\"color: #0095ec;\">Read More<\/span><\/a>[\/vc_column_text][\/vc_column][\/vc_row][vc_row][vc_column width=&#8221;1\/3&#8243;][vc_single_image image=&#8221;31227&#8243; img_size=&#8221;medium&#8221;][\/vc_column][vc_column width=&#8221;2\/3&#8243;][vc_column_text]<a href=\"https:\/\/www.alide.org.pe\/en\/comprehensive-security-was-the-central-theme-of-the-55th-alide-general-assembly\/\"><span style=\"color: #0095ec;\"><strong>Comprehensive security was the central theme during the opening of the 55th ALIDE General Assembly in Santo Domingo<\/strong><\/span><\/a><strong><br \/>\n<\/strong><strong>May, 2025.- <\/strong><span style=\"font-weight: 400;\">Under the central theme \u00abFrom Global Crisis to Comprehensive Security: Development Banking, forging the future of Latin America and the Caribbean,\u00bb the Assembly brings together more than 220 representatives of development finance institutions, multilateral organizations, and governments from 29 countries in the region, as well as from extra-regional nations.<\/span>\u00a0<a href=\"https:\/\/www.alide.org.pe\/en\/comprehensive-security-was-the-central-theme-of-the-55th-alide-general-assembly\/\"><span style=\"color: #0095ec;\">Read More<\/span><\/a>[\/vc_column_text][\/vc_column][\/vc_row][vc_row][vc_column width=&#8221;1\/3&#8243;][vc_single_image image=&#8221;31201&#8243; img_size=&#8221;medium&#8221;][\/vc_column][vc_column width=&#8221;2\/3&#8243;][vc_column_text]<a href=\"https:\/\/www.alide.org.pe\/en\/santo-domingo-will-host-the-55th-general-assembly\/\"><span style=\"color: #0095ec;\"><strong>Santo Domingo will host the 55th ALIDE General Assembly<\/strong><\/span><\/a><strong><br \/>\n<\/strong><strong>May, 2025.-\u00a0<\/strong>The <a href=\"https:\/\/www.alide.org.pe\/en\/\">Latin American Association of Development Finance Institutions (ALIDE)<\/a> will hold its <strong>55<sup>th<\/sup> General Assembly from May 12 to 14<\/strong> at the JW Marriott Hotel in Santo Domingo, Dominican Republic.\u00a0The opening will be attended by Luis Abinader Corona, <strong>President of the Dominican Republic; Jos\u00e9 Manuel Vicente, Minister of Finance;<\/strong> and<strong> Fernando Dur\u00e1n, General Manager of Banco Agr\u00edcola de la Rep\u00fablica Dominicana (BAGR\u00cdCOLA).<\/strong> <a href=\"https:\/\/www.alide.org.pe\/en\/santo-domingo-will-host-the-55th-general-assembly\/\"><span style=\"color: #0095ec;\">Read More<\/span><\/a>[\/vc_column_text][\/vc_column][\/vc_row][vc_row][vc_column width=&#8221;1\/3&#8243;][vc_single_image image=&#8221;31956&#8243; img_size=&#8221;medium&#8221;][\/vc_column][vc_column width=&#8221;2\/3&#8243;][vc_column_text]<a href=\"https:\/\/www.alide.org.pe\/en\/bda-of-panama-joins-alide-to-boost-development-banking\/\"><span style=\"color: #0095ec;\"><strong>BDA of Panama joined as an active member of ALIDE<\/strong><\/span><\/a><strong><br \/>\n<\/strong><strong>February, 2025.-<\/strong> <a href=\"https:\/\/www.bda.gob.pa\/\">Banco de Desarrollo Agropecuario (BDA)<\/a> has joined as an active member of the <a href=\"https:\/\/www.alide.org.pe\/\">Latin American Association of Development Finance Institutions (ALIDE)<\/a>. This action strengthens regional cooperation and reaffirms the commitment of both institutions to development banking.\u00a0<a href=\"https:\/\/www.alide.org.pe\/en\/bda-of-panama-joins-alide-to-boost-development-banking\/\"><span style=\"color: #0095ec;\">Read More<\/span><\/a>[\/vc_column_text][\/vc_column][\/vc_row][vc_row][vc_column width=&#8221;1\/3&#8243;][vc_single_image image=&#8221;30446&#8243; img_size=&#8221;medium&#8221;][\/vc_column][vc_column width=&#8221;2\/3&#8243;][vc_column_text]<span style=\"color: #0095ec;\"><a style=\"color: #0095ec;\" href=\"https:\/\/www.alide.org.pe\/en\/fics-2025-ndbs-need-stronger-role-in-global-finance-says-wfdfi-white-paper\/\"><strong>Finance in Common Summit 2025: NDB\u2019s need stronger role in global finance, says WFDFI white paper<\/strong><\/a><\/span><strong><br \/>\n<\/strong><strong>February, 2025.-<\/strong> A\u00a0<span style=\"color: #0095ec;\"><a style=\"color: #0095ec;\" href=\"https:\/\/momentus.global\/ndbs-the-unsung-heroes-of-global-development-finance\/\">White Paper \u201cNational Development Banks: The Unsung Heroes of the Global Development Finance Architecture\u201d<\/a>\u00a0<\/span>was presented by the\u00a0<span style=\"color: #0095ec;\"><a style=\"color: #0095ec;\" href=\"https:\/\/wfdfi.org\/en\/\">World Federation of Development Finance Institutions (WFDFI)<\/a>,<\/span> currently chaired by the\u00a0<span style=\"color: #0095ec;\"><a style=\"color: #0095ec;\" href=\"https:\/\/www.alide.org.pe\/\">Latin American Association of Development Financing Institutions (ALIDE)<\/a>,<\/span> in collaboration with the global strategy firm,\u00a0<span style=\"color: #0095ec;\"><a style=\"color: #0095ec;\" href=\"https:\/\/momentus.global\/\">Momentus Global<\/a><\/span>. <span style=\"color: #0095ec;\"><a style=\"color: #0095ec;\" href=\"https:\/\/www.alide.org.pe\/en\/fics-2025-ndbs-need-stronger-role-in-global-finance-says-wfdfi-white-paper\/\" target=\"_blank\" rel=\"noopener noreferrer\">Read More<\/a><\/span>[\/vc_column_text][\/vc_column][\/vc_row][vc_row][vc_column width=&#8221;1\/3&#8243;][vc_single_image image=&#8221;30284&#8243; img_size=&#8221;medium&#8221;][\/vc_column][vc_column width=&#8221;2\/3&#8243;][vc_column_text]<\/p>\n<p class=\"vc_custom_heading vc_custom_1742401907619\"><a href=\"https:\/\/www.alide.org.pe\/en\/diploma-in-banking-and-finance-for-sustainable-development\/\"><strong><span style=\"color: #0095ec;\">ALIDE and AFD Group present a Diploma Course in Banking and Finance for Sustainable Development: a key opportunity for change agents in Latin America and the Caribbean<\/span><\/strong><\/a><strong><br \/>\n<\/strong><strong>February, 2025.-<\/strong> <span style=\"color: #0095ec;\"><a style=\"color: #0095ec;\" href=\"https:\/\/www.alide.org.pe\/\">The Latin American Association of Development Finance Institutions (ALIDE)<\/a>,<\/span> in collaboration with the\u00a0<span style=\"color: #0095ec;\"><a style=\"color: #0095ec;\" href=\"https:\/\/www.afd.fr\/es\/grupo-afd\">AFD group<\/a>,<\/span> announced the\u00a0<span style=\"color: #0095ec;\"><a style=\"color: #0095ec;\" href=\"https:\/\/www.alide.org.pe\/diplomado-banca-y-finanzas-para-el-desarrollo-sostenible\/\"><strong>Diploma Course in Banking and Finance for Sustainable Development<\/strong><\/a>,<\/span> an initiative designed to strengthen the managerial, technical and operational capacity of professionals in the financial sector with responsibilities in transformation and sustainability projects. <span style=\"color: #0095ec;\"><a style=\"color: #0095ec;\" href=\"https:\/\/www.alide.org.pe\/en\/diploma-in-banking-and-finance-for-sustainable-development\/\" target=\"_blank\" rel=\"noopener noreferrer\">Read More<\/a><\/span><\/p>\n<p>[\/vc_column_text][\/vc_column][\/vc_row][vc_row][vc_column width=&#8221;1\/3&#8243;][vc_single_image image=&#8221;30286&#8243; img_size=&#8221;medium&#8221;][\/vc_column][vc_column width=&#8221;2\/3&#8243;][vc_column_text]<\/p>\n<p class=\"vc_custom_heading vc_custom_1742401774877\"><span style=\"color: #0095ec;\"><a style=\"color: #0095ec;\" href=\"https:\/\/www.alide.org.pe\/en\/alide-general-assembly-2025-development-banking-and-security\/\"><strong>ALIDE General Assembly 2025: An analysis from global crisis to comprehensive security<\/strong><\/a><\/span><strong><br \/>\n<\/strong><strong>February, 2025.- <\/strong>The\u00a0<span style=\"color: #0095ec;\"><a style=\"color: #0095ec;\" href=\"https:\/\/www.alide.org.pe\/\">Latin American Association of Development Finance Institutions (ALIDE)<\/a><\/span>\u00a0will hold its Annual Meeting 2025 in Santo Domingo, Dominican Republic, from May 12 to 14. The event will be hosted by\u00a0<span style=\"color: #0095ec;\"><a style=\"color: #0095ec;\" href=\"https:\/\/bancoagricola.gob.do\/\">Banco Agr\u00edcola de la Rep\u00fablica Dominicana (BAGR\u00cdCOLA)<\/a>,<\/span> with the collaboration of ALIDE members in the country,\u00a0<span style=\"color: #0095ec;\"><a style=\"color: #0095ec;\" href=\"https:\/\/www.bandex.com.do\/\">Bandex<\/a><\/span>\u00a0and\u00a0<span style=\"color: #0095ec;\"><a style=\"color: #0095ec;\" href=\"https:\/\/www.banreservas.com\/\">Banreservas<\/a><\/span>, and the\u00a0<span style=\"color: #0095ec;\"><a style=\"color: #0095ec;\" href=\"https:\/\/www.iadb.org\/es\">Inter-American Development Bank (IDB)<\/a><\/span>.\u00a0<span style=\"color: #0095ec;\"><a style=\"color: #0095ec;\" href=\"https:\/\/www.alide.org.pe\/en\/alide-general-assembly-2025-development-banking-and-security\/\" target=\"_blank\" rel=\"noopener noreferrer\">Read More<\/a><\/span><\/p>\n<p>[\/vc_column_text][\/vc_column][\/vc_row]<\/p>\n<\/div>","protected":false},"excerpt":{"rendered":"<p>[vc_row][vc_column][vc_column_text][\/vc_column_text][vc_custom_heading text=&#8221;ALIDE News 2025&#8221; font_container=&#8221;tag:h2|font_size:30px|text_align:left|color:%23013c7b&#8221; use_theme_fonts=&#8221;yes&#8221;][vc_separator][\/vc_column][\/vc_row][vc_row][vc_column width=&#8221;1\/3&#8243;][vc_single_image image=&#8221;32987&#8243; img_size=&#8221;medium&#8221;][\/vc_column][vc_column width=&#8221;2\/3&#8243;][vc_column_text]ALIDE announces that its 56th General Assembly will be held in Asunci\u00f3n in May 2026 December, 2025.-<span class=\"excerpt-hellip\"> [\u2026]<\/span><\/p>\n","protected":false},"author":10,"featured_media":0,"parent":2509,"menu_order":0,"comment_status":"closed","ping_status":"closed","template":"","meta":{"_uag_custom_page_level_css":"","footnotes":""},"class_list":["post-33326","page","type-page","status-publish","hentry"],"yoast_head":"<!-- This site is optimized with the Yoast SEO plugin v26.1.1 - https:\/\/yoast.com\/wordpress\/plugins\/seo\/ -->\n<title>ALIDE News 2025 - ALIDE<\/title>\n<meta name=\"robots\" content=\"index, follow, max-snippet:-1, max-image-preview:large, max-video-preview:-1\" \/>\n<link rel=\"canonical\" href=\"https:\/\/www.alide.org.pe\/en\/sala-de-prensa\/noticias-de-alide-2025\/\" \/>\n<meta property=\"og:locale\" content=\"en_US\" \/>\n<meta property=\"og:type\" content=\"article\" \/>\n<meta property=\"og:title\" content=\"ALIDE News 2025 - ALIDE\" \/>\n<meta property=\"og:description\" content=\"[vc_row][vc_column][vc_column_text][\/vc_column_text][vc_custom_heading text=&#8221;ALIDE News 2025&#8221; font_container=&#8221;tag:h2|font_size:30px|text_align:left|color:%23013c7b&#8221; use_theme_fonts=&#8221;yes&#8221;][vc_separator][\/vc_column][\/vc_row][vc_row][vc_column width=&#8221;1\/3&#8243;][vc_single_image image=&#8221;32987&#8243; img_size=&#8221;medium&#8221;][\/vc_column][vc_column width=&#8221;2\/3&#8243;][vc_column_text]ALIDE announces that its 56th General Assembly will be held in Asunci\u00f3n in May 2026 December, 2025.- [\u2026]\" \/>\n<meta property=\"og:url\" content=\"https:\/\/www.alide.org.pe\/en\/sala-de-prensa\/noticias-de-alide-2025\/\" \/>\n<meta property=\"og:site_name\" content=\"ALIDE\" \/>\n<meta property=\"article:publisher\" content=\"https:\/\/www.facebook.com\/alideoficial\/\" \/>\n<meta property=\"article:modified_time\" content=\"2026-04-24T22:01:38+00:00\" \/>\n<meta name=\"twitter:card\" content=\"summary_large_image\" \/>\n<meta name=\"twitter:site\" content=\"@_ALIDE_\" \/>\n<meta name=\"twitter:label1\" content=\"Est. reading time\" \/>\n\t<meta name=\"twitter:data1\" content=\"11 minutes\" \/>\n<script type=\"application\/ld+json\" class=\"yoast-schema-graph\">{\"@context\":\"https:\/\/schema.org\",\"@graph\":[{\"@type\":\"WebPage\",\"@id\":\"https:\/\/www.alide.org.pe\/en\/sala-de-prensa\/noticias-de-alide-2025\/\",\"url\":\"https:\/\/www.alide.org.pe\/en\/sala-de-prensa\/noticias-de-alide-2025\/\",\"name\":\"ALIDE News 2025 - ALIDE\",\"isPartOf\":{\"@id\":\"https:\/\/www.alide.org.pe\/#website\"},\"datePublished\":\"2026-04-20T20:08:05+00:00\",\"dateModified\":\"2026-04-24T22:01:38+00:00\",\"breadcrumb\":{\"@id\":\"https:\/\/www.alide.org.pe\/en\/sala-de-prensa\/noticias-de-alide-2025\/#breadcrumb\"},\"inLanguage\":\"en-US\",\"potentialAction\":[{\"@type\":\"ReadAction\",\"target\":[\"https:\/\/www.alide.org.pe\/en\/sala-de-prensa\/noticias-de-alide-2025\/\"]}]},{\"@type\":\"BreadcrumbList\",\"@id\":\"https:\/\/www.alide.org.pe\/en\/sala-de-prensa\/noticias-de-alide-2025\/#breadcrumb\",\"itemListElement\":[{\"@type\":\"ListItem\",\"position\":1,\"name\":\"Portada\",\"item\":\"https:\/\/www.alide.org.pe\/en\/\"},{\"@type\":\"ListItem\",\"position\":2,\"name\":\"Press Room\",\"item\":\"https:\/\/www.alide.org.pe\/en\/sala-de-prensa\/\"},{\"@type\":\"ListItem\",\"position\":3,\"name\":\"ALIDE News 2025\"}]},{\"@type\":\"WebSite\",\"@id\":\"https:\/\/www.alide.org.pe\/#website\",\"url\":\"https:\/\/www.alide.org.pe\/\",\"name\":\"ALIDE\",\"description\":\"Asociaci\u00f3n Latinoamericana de Instituciones Financieras para el Desarrollo\",\"potentialAction\":[{\"@type\":\"SearchAction\",\"target\":{\"@type\":\"EntryPoint\",\"urlTemplate\":\"https:\/\/www.alide.org.pe\/?s={search_term_string}\"},\"query-input\":{\"@type\":\"PropertyValueSpecification\",\"valueRequired\":true,\"valueName\":\"search_term_string\"}}],\"inLanguage\":\"en-US\"}]}<\/script>\n<!-- \/ Yoast SEO plugin. -->","yoast_head_json":{"title":"ALIDE News 2025 - ALIDE","robots":{"index":"index","follow":"follow","max-snippet":"max-snippet:-1","max-image-preview":"max-image-preview:large","max-video-preview":"max-video-preview:-1"},"canonical":"https:\/\/www.alide.org.pe\/en\/sala-de-prensa\/noticias-de-alide-2025\/","og_locale":"en_US","og_type":"article","og_title":"ALIDE News 2025 - ALIDE","og_description":"[vc_row][vc_column][vc_column_text][\/vc_column_text][vc_custom_heading text=&#8221;ALIDE News 2025&#8221; font_container=&#8221;tag:h2|font_size:30px|text_align:left|color:%23013c7b&#8221; use_theme_fonts=&#8221;yes&#8221;][vc_separator][\/vc_column][\/vc_row][vc_row][vc_column width=&#8221;1\/3&#8243;][vc_single_image image=&#8221;32987&#8243; img_size=&#8221;medium&#8221;][\/vc_column][vc_column width=&#8221;2\/3&#8243;][vc_column_text]ALIDE announces that its 56th General Assembly will be held in Asunci\u00f3n in May 2026 December, 2025.- [\u2026]","og_url":"https:\/\/www.alide.org.pe\/en\/sala-de-prensa\/noticias-de-alide-2025\/","og_site_name":"ALIDE","article_publisher":"https:\/\/www.facebook.com\/alideoficial\/","article_modified_time":"2026-04-24T22:01:38+00:00","twitter_card":"summary_large_image","twitter_site":"@_ALIDE_","twitter_misc":{"Est. reading time":"11 minutes"},"schema":{"@context":"https:\/\/schema.org","@graph":[{"@type":"WebPage","@id":"https:\/\/www.alide.org.pe\/en\/sala-de-prensa\/noticias-de-alide-2025\/","url":"https:\/\/www.alide.org.pe\/en\/sala-de-prensa\/noticias-de-alide-2025\/","name":"ALIDE News 2025 - ALIDE","isPartOf":{"@id":"https:\/\/www.alide.org.pe\/#website"},"datePublished":"2026-04-20T20:08:05+00:00","dateModified":"2026-04-24T22:01:38+00:00","breadcrumb":{"@id":"https:\/\/www.alide.org.pe\/en\/sala-de-prensa\/noticias-de-alide-2025\/#breadcrumb"},"inLanguage":"en-US","potentialAction":[{"@type":"ReadAction","target":["https:\/\/www.alide.org.pe\/en\/sala-de-prensa\/noticias-de-alide-2025\/"]}]},{"@type":"BreadcrumbList","@id":"https:\/\/www.alide.org.pe\/en\/sala-de-prensa\/noticias-de-alide-2025\/#breadcrumb","itemListElement":[{"@type":"ListItem","position":1,"name":"Portada","item":"https:\/\/www.alide.org.pe\/en\/"},{"@type":"ListItem","position":2,"name":"Press Room","item":"https:\/\/www.alide.org.pe\/en\/sala-de-prensa\/"},{"@type":"ListItem","position":3,"name":"ALIDE News 2025"}]},{"@type":"WebSite","@id":"https:\/\/www.alide.org.pe\/#website","url":"https:\/\/www.alide.org.pe\/","name":"ALIDE","description":"Asociaci\u00f3n Latinoamericana de Instituciones Financieras para el Desarrollo","potentialAction":[{"@type":"SearchAction","target":{"@type":"EntryPoint","urlTemplate":"https:\/\/www.alide.org.pe\/?s={search_term_string}"},"query-input":{"@type":"PropertyValueSpecification","valueRequired":true,"valueName":"search_term_string"}}],"inLanguage":"en-US"}]}},"uagb_featured_image_src":{"full":false,"thumbnail":false,"medium":false,"medium_large":false,"large":false,"1536x1536":false,"2048x2048":false,"post-thumbnail":false,"50x50":false,"clients-slider":false,"slider-content":false,"testimonials":false,"blog-navi":false,"portfolio-mf":false,"portfolio-mf-w":false,"portfolio-mf-t":false,"portfolio-list":false,"blog-portfolio":false,"blog-single":false},"uagb_author_info":{"display_name":"Andrea Villafranca D\u00e1vila","author_link":"https:\/\/www.alide.org.pe\/en\/author\/andrea\/"},"uagb_comment_info":0,"uagb_excerpt":"[vc_row][vc_column][vc_column_text][\/vc_column_text][vc_custom_heading text=&#8221;ALIDE News 2025&#8221; font_container=&#8221;tag:h2|font_size:30px|text_align:left|color:%23013c7b&#8221; use_theme_fonts=&#8221;yes&#8221;][vc_separator][\/vc_column][\/vc_row][vc_row][vc_column width=&#8221;1\/3&#8243;][vc_single_image image=&#8221;32987&#8243; img_size=&#8221;medium&#8221;][\/vc_column][vc_column width=&#8221;2\/3&#8243;][vc_column_text]ALIDE announces that its 56th General Assembly will be held in Asunci\u00f3n in May 2026 December, 2025.- [\u2026]","_links":{"self":[{"href":"https:\/\/www.alide.org.pe\/en\/wp-json\/wp\/v2\/pages\/33326","targetHints":{"allow":["GET"]}}],"collection":[{"href":"https:\/\/www.alide.org.pe\/en\/wp-json\/wp\/v2\/pages"}],"about":[{"href":"https:\/\/www.alide.org.pe\/en\/wp-json\/wp\/v2\/types\/page"}],"author":[{"embeddable":true,"href":"https:\/\/www.alide.org.pe\/en\/wp-json\/wp\/v2\/users\/10"}],"replies":[{"embeddable":true,"href":"https:\/\/www.alide.org.pe\/en\/wp-json\/wp\/v2\/comments?post=33326"}],"version-history":[{"count":2,"href":"https:\/\/www.alide.org.pe\/en\/wp-json\/wp\/v2\/pages\/33326\/revisions"}],"predecessor-version":[{"id":33449,"href":"https:\/\/www.alide.org.pe\/en\/wp-json\/wp\/v2\/pages\/33326\/revisions\/33449"}],"up":[{"embeddable":true,"href":"https:\/\/www.alide.org.pe\/en\/wp-json\/wp\/v2\/pages\/2509"}],"wp:attachment":[{"href":"https:\/\/www.alide.org.pe\/en\/wp-json\/wp\/v2\/media?parent=33326"}],"curies":[{"name":"wp","href":"https:\/\/api.w.org\/{rel}","templated":true}]}}