{"id":2513,"date":"2017-09-27T19:22:15","date_gmt":"2017-09-27T19:22:15","guid":{"rendered":"https:\/\/www.alide.org.pe\/sala-de-prensa\/alide-en-medios\/"},"modified":"2025-09-02T20:31:32","modified_gmt":"2025-09-02T20:31:32","slug":"alide-in-media","status":"publish","type":"page","link":"https:\/\/www.alide.org.pe\/en\/sala-de-prensa\/alide-in-media\/","title":{"rendered":"ALIDE in Media"},"content":{"rendered":"<div class=\"wpb-content-wrapper\"><p>[vc_row disable_element=&#8221;yes&#8221;][vc_column][vc_single_image image=&#8221;32046&#8243; img_size=&#8221;large&#8221; alignment=&#8221;center&#8221;][\/vc_column][\/vc_row][vc_row][vc_column][vc_empty_space][vc_custom_heading text=&#8221;ALIDE in Media&#8221; font_container=&#8221;tag:h2|text_align:left|color:%23013c7b&#8221; use_theme_fonts=&#8221;yes&#8221;][vc_empty_space height=&#8221;10px&#8221;][\/vc_column][\/vc_row][vc_row][vc_column width=&#8221;1\/3&#8243;][vc_single_image image=&#8221;32166&#8243; img_size=&#8221;full&#8221; alignment=&#8221;center&#8221;][vc_column_text]<\/p>\n<h3 class=\"headline\"><a href=\"https:\/\/www.greaterbelize.com\/belizes-dfc-ceo-elected-to-alide-board-of-directors\/\">Belize\u2019s DFC CEO Elected to ALIDE Board of Directors<\/a><\/h3>\n<p>Greater Belize Media (Belize), 17 May 2025.[\/vc_column_text][\/vc_column][vc_column width=&#8221;1\/3&#8243;][vc_single_image image=&#8221;32168&#8243; img_size=&#8221;full&#8221; alignment=&#8221;center&#8221;][vc_column_text]<\/p>\n<h3 class=\"headline\"><a href=\"https:\/\/www.lanacion.com.py\/negocios\/2025\/05\/16\/paraguay-sera-sede-de-la-proxima-alide-2026\/\">Paraguay will host the next ALIDE 2026 General Assembly<\/a><\/h3>\n<p>La Naci\u00f3n (Paraguay), 16 May 2025.[\/vc_column_text][\/vc_column][vc_column width=&#8221;1\/3&#8243;][vc_single_image image=&#8221;32170&#8243; img_size=&#8221;full&#8221; alignment=&#8221;center&#8221;][vc_column_text]<\/p>\n<h3 class=\"headline\"><a href=\"https:\/\/www.larepublica.co\/economia\/edgardo-alvarez-secretario-general-de-aliade-sobre-la-situacion-actual-de-los-bancos-publicos-de-desarrollo-4129072\">\u201cThere are 536 public development banks in the world with assets of US$23 trillion.\u201d<\/a><\/h3>\n<p>La Rep\u00fablica (Colombia), 8 May 2025.[\/vc_column_text][\/vc_column][\/vc_row][vc_row][vc_column width=&#8221;1\/2&#8243;][vc_single_image image=&#8221;32174&#8243; img_size=&#8221;full&#8221; alignment=&#8221;center&#8221;][vc_column_text]<\/p>\n<h3 class=\"headline\"><a href=\"https:\/\/agraria.pe\/noticias\/lima-sera-sede-de-la-reunion-bancaria-asia-pacifico-y-americ-37647\">Lima will host the Asia-Pacific and Latin America Banking Meeting on Financial Cooperation for Sustainable Development.<\/a><\/h3>\n<p>Agencia Agraria de Noticias (Per\u00fa), 30 November 2024.[\/vc_column_text][\/vc_column][vc_column width=&#8221;1\/2&#8243;][vc_single_image image=&#8221;32176&#8243; img_size=&#8221;full&#8221; alignment=&#8221;center&#8221;][vc_column_text]<\/p>\n<h3 class=\"headline\"><a href=\"https:\/\/www.fao.org\/americas\/news\/news-detail\/fao-and-alide-sign-agreement\/en\">FAO and ALIDE sign agreement to promote agricultural and rural development in Latin America and the Caribbean<\/a><\/h3>\n<p>FAO (International), 10 April 2024.[\/vc_column_text][\/vc_column][\/vc_row][vc_row disable_element=&#8221;yes&#8221;][vc_column width=&#8221;1\/3&#8243;][vc_single_image image=&#8221;7321&#8243; img_size=&#8221;full&#8221; alignment=&#8221;center&#8221;][vc_column_text]<\/p>\n<h3 class=\"headline\"><a href=\"https:\/\/www.elconfidencial.com\/ultima-hora-en-vivo\/2019-05-21\/el-rey-recibe-a-la-asociacion-latinoamericana-de-instituciones-financieras_2261634\/\" target=\"_blank\" rel=\"noopener\">El rey recibe a la Asociaci\u00f3n Latinoamericana de Instituciones Financieras<br \/>\n<\/a><\/h3>\n<p>El Confidencial (Espa\u00f1a), 21 de mayo de 2019.[\/vc_column_text][\/vc_column][vc_column width=&#8221;1\/3&#8243;][vc_single_image image=&#8221;7322&#8243; img_size=&#8221;full&#8221; alignment=&#8221;center&#8221;][vc_column_text]<\/p>\n<h3 class=\"headline\"><a href=\"https:\/\/thediplomatinspain.com\/2019\/05\/la-banca-latinoamericana-de-desarrollo-se-compromete-en-madrid-con-los-ods\/\" target=\"_blank\" rel=\"noopener\">La banca latinoamericana de desarrollo se compromete en Madrid con los ODS<\/a><\/h3>\n<p>The Diplomat in Spain (Espa\u00f1a), 23 de mayo de 2019.[\/vc_column_text][\/vc_column][vc_column width=&#8221;1\/3&#8243;][vc_single_image image=&#8221;7324&#8243; img_size=&#8221;full&#8221; alignment=&#8221;center&#8221;][vc_column_text]<\/p>\n<h3 class=\"headline\"><a href=\"https:\/\/www.notimerica.com\/politica\/noticia-espana-aboga-fortalecer-relaciones-latinoamerica-frente-innumerables-represalias-eeuu-20190520115049.html\" target=\"_blank\" rel=\"noopener\">Espa\u00f1a aboga por fortalecer relaciones en Latinom\u00e9rica<\/a><\/h3>\n<p>Notim\u00e9rica (regional), 20 de mayo de 2019.[\/vc_column_text][\/vc_column][\/vc_row][vc_row disable_element=&#8221;yes&#8221;][vc_column width=&#8221;1\/3&#8243;][vc_single_image image=&#8221;1843&#8243; img_size=&#8221;full&#8221; alignment=&#8221;center&#8221;][vc_column_text]<\/p>\n<h3 class=\"headline\"><a href=\"https:\/\/www.20minutos.com.mx\/noticia\/444636\/0\/banco-de-comercio-exterior-refuerza-lazos-con-asia-y-latinoamerica\/?fbclid=IwAR31dFr19sUZoxWYeylQww1-Ea0W7N9kN7kXF8GzbDKWZ4o0w3sIh9fBZOg\" target=\"_blank\" rel=\"noopener\">Banco de comercio exterior refuerza lazos con Asia y Latinoam\u00e9rica<br \/>\n<\/a><\/h3>\n<p>20minutos (M\u00e9xico), 11 de noviembre de 2018.[\/vc_column_text][\/vc_column][vc_column width=&#8221;1\/3&#8243;][vc_single_image image=&#8221;6177&#8243; img_size=&#8221;full&#8221; alignment=&#8221;center&#8221;][vc_column_text]<\/p>\n<h3 class=\"headline\"><a href=\"http:\/\/indicecorporativo.com\/2018\/10\/30\/banca-de-desarrollo-clave-en-el-credito-a-pymes\/?fbclid=IwAR3vR56C3ujhPJGWf4J6CiyNrYGPmTi3CXlLb23mckfqmue1cMzKUc6F3cw\" target=\"_blank\" rel=\"noopener\">Banca de Desarrollo, clave en el cr\u00e9dito a Pymes<\/a><\/h3>\n<p>\u00cdndice corporativo (regional), 30 de octubre de 2018.[\/vc_column_text][\/vc_column][vc_column width=&#8221;1\/3&#8243;][vc_single_image image=&#8221;6179&#8243; img_size=&#8221;full&#8221; alignment=&#8221;center&#8221;][vc_column_text]<\/p>\n<h3 class=\"headline\"><a href=\"https:\/\/www.estrategiaynegocios.net\/finanzas\/1228057-330\/banqueros-de-desarrollo-latinoamericanos-en-india-para-fortalecer-inversi%C3%B3n?fbclid=IwAR1hBAIoA65tQh2BME1hI64jabPl6qwZDJp4adne56NgdFaEXjqRpXzKKBk\" target=\"_blank\" rel=\"noopener\">Banqueros de desarrollo latinoamericanos en India para fortalecer inversi\u00f3n<\/a><\/h3>\n<p>Empress &amp; Management (regional), 25 de octubre de 2018.[\/vc_column_text][\/vc_column][\/vc_row][vc_row disable_element=&#8221;yes&#8221;][vc_column width=&#8221;1\/3&#8243;][vc_single_image image=&#8221;6181&#8243; img_size=&#8221;full&#8221; alignment=&#8221;center&#8221;][vc_column_text]<\/p>\n<h3 class=\"headline\"><\/h3>\n<h3 class=\"headline\"><a href=\"http:\/\/www.sela.org\/es\/prensa\/servicio-informativo\/2018\/10\/20181029\/banquerosindia\/?fbclid=IwAR32f-Wn1Nc811GjWwfnDJgY-g_-PXC4kXyrAFBTaFPhpxcE3iRtdi15Sb4\" target=\"_blank\" rel=\"noopener\">Banqueros de desarrollo latinoamericanos en India para fortalecer inversi\u00f3n<\/a><\/h3>\n<p>Sistema Econ\u00f3mico Latinoamericano y el Caribe (regional), 29 de octubre de 2018.[\/vc_column_text][\/vc_column][vc_column width=&#8221;1\/3&#8243;][vc_single_image image=&#8221;6183&#8243; img_size=&#8221;full&#8221; alignment=&#8221;center&#8221;][vc_column_text]<\/p>\n<h3 class=\"headline\"><a href=\"http:\/\/economiavirtual.com.py\/web\/pagina-general.php?codigo=19710&amp;fbclid=IwAR2piHWxh7PMRecVPXKXepD4lRo7nHPf-KgVHsuZJJyOqpNBB4TcP2QYzNk\" target=\"_blank\" rel=\"noopener\">AFD y ALIDE organizan seminario internacional sobre operaciones Fiduciarias en Banca<\/a><\/h3>\n<p>Econom\u00eda Virtual (Paraguay), 15 de noviembre de 2018.[\/vc_column_text][\/vc_column][vc_column width=&#8221;1\/3&#8243;][vc_single_image image=&#8221;6185&#8243; img_size=&#8221;full&#8221; alignment=&#8221;center&#8221;][vc_column_text]<\/p>\n<h3 class=\"headline\"><a href=\"http:\/\/www.abc.com.py\/edicion-impresa\/economia\/congreso-sobre-fiducia-en-bancos-1763925.html?fbclid=IwAR0wEaOQ0rn9tsB08dafo7-CIrrLCEAfVD1_wI1_3hsvbdigSZ7SGjvZVGw\" target=\"_blank\" rel=\"noopener\">Congreso sobre fiducia en bancos<\/a><\/h3>\n<p>ABC Color (Paraguay), 29 de noviembre de 2018.[\/vc_column_text][\/vc_column][\/vc_row][vc_row disable_element=&#8221;yes&#8221;][vc_column width=&#8221;1\/3&#8243;][vc_single_image image=&#8221;4994&#8243; img_size=&#8221;full&#8221; alignment=&#8221;center&#8221;][vc_column_text]<\/p>\n<h3 class=\"headline\"><a href=\"https:\/\/www.bnamericas.com\/es\/noticias\/banca\/bei-recibe-a-alide-para-reforzar-cooperacion-con-instituciones-financieras-de-a-latina\/\" target=\"_blank\" rel=\"noopener\">BEI recibe a Alide para reforzar cooperaci\u00f3n con instituciones financieras de A. Latina<br \/>\n<\/a><\/h3>\n<p>BNamericas (regional), 4 de julio de 2018.[\/vc_column_text][\/vc_column][vc_column width=&#8221;1\/3&#8243;][vc_single_image image=&#8221;4995&#8243; img_size=&#8221;full&#8221; alignment=&#8221;center&#8221;][vc_column_text]<\/p>\n<h3 class=\"headline\"><a href=\"https:\/\/americasvoice.org\/prnewswire-espanol\/?rkey=2018070520180705089&amp;filter=11036&amp;Desarrollo-sostenible%3A-el-BEI-recibe-a-ALIDE-para-reforzar-la-cooperaci%C3%B3n-con-las-instituciones-financieras-de-Am%C3%A9rica-Latina-y-el-Caribe\" target=\"_blank\" rel=\"noopener\">Desarrollo sostenible: el BEI recibe a ALIDE para reforzar la cooperaci\u00f3n con las instituciones financieras de Am\u00e9rica Latina y el Caribe<\/a><\/h3>\n<p>Americas Voice (regional), 4 de julio de 2018.[\/vc_column_text][\/vc_column][vc_column width=&#8221;1\/3&#8243;][vc_single_image image=&#8221;4996&#8243; img_size=&#8221;full&#8221; alignment=&#8221;center&#8221;][vc_column_text]<\/p>\n<h3 class=\"headline\"><a href=\"http:\/\/la.network\/banco-europeo-de-inversiones-busca-financiar-proyectos-sostenibles-en-latinoamerica\/\" target=\"_blank\" rel=\"noopener\"> Banco Europeo de Inversiones busca financiar proyectos sostenibles en Latinoam\u00e9rica<\/a><\/h3>\n<p>LANetwork (regional), 6 de julio de 2018.[\/vc_column_text][\/vc_column][\/vc_row][vc_row disable_element=&#8221;yes&#8221;][vc_column width=&#8221;1\/3&#8243;][vc_single_image image=&#8221;4998&#8243; img_size=&#8221;full&#8221; alignment=&#8221;center&#8221;][vc_column_text]<\/p>\n<h3 class=\"headline\"><a href=\"https:\/\/www.gob.mx\/agroasemex\/articulos\/nombran-al-director-general-de-agroasemex-rodrigo-sanchez-mujica-como-presidente-del-consejo-consultivo-de-alide?idiom=es\" target=\"_blank\" rel=\"noopener\">Nombran al Director General de AGROASEMEX, Rodrigo S\u00e1nchez M\u00fajica, como presidente del Consejo Consultivo de ALIDE<br \/>\n<\/a><\/h3>\n<p>Gobierno Mx (M\u00e9xico), 3 de julio de 2018.[\/vc_column_text][\/vc_column][vc_column width=&#8221;1\/3&#8243;][vc_single_image image=&#8221;4999&#8243; img_size=&#8221;full&#8221; alignment=&#8221;center&#8221;][vc_column_text]<\/p>\n<h3 class=\"headline\"><a href=\"http:\/\/masfinanzas.com.pe\/entrevistas\/las-fintech-llegaron-para-quedarse-y-debemos-incluirlas-al-sistema-financiero\/\" target=\"_blank\" rel=\"noopener\">ALIDE: Las fintech llegaron para quedarse y debemos incluirlas al sistema financiero<\/a><\/h3>\n<p>Revista Gan@mas (Per\u00fa), 1 de julio de 2018.[\/vc_column_text][\/vc_column][vc_column width=&#8221;1\/3&#8243;][vc_single_image image=&#8221;5000&#8243; img_size=&#8221;full&#8221; alignment=&#8221;center&#8221;][vc_column_text]<\/p>\n<h3 class=\"headline\"><a href=\"https:\/\/www.youtube.com\/watch?v=XAdubgWEWqg\" target=\"_blank\" rel=\"noopener\">Idea recibi\u00f3 reconocimiento internacional de ALIDE por buenas pr\u00e1cticas innovadoras<\/a><\/h3>\n<p>Telemedell\u00edn (Colombia), 15 de junio de 2018.[\/vc_column_text][\/vc_column][\/vc_row][vc_row disable_element=&#8221;yes&#8221;][vc_column width=&#8221;1\/3&#8243;][vc_single_image image=&#8221;5002&#8243; img_size=&#8221;full&#8221; alignment=&#8221;center&#8221;][vc_column_text]<\/p>\n<h3 class=\"headline\"><a href=\"http:\/\/diariodonordeste.verdesmares.com.br\/cadernos\/negocios\/mais-noticias-de-negocios-ans-celebra-20-anos-de-regulamentacao-1.1948987\" target=\"_blank\" rel=\"noopener\">Banco do Nordeste recibe Premio ALIDE 2018<\/a><\/h3>\n<p>Diario do Nordeste (Brasil), 4 de junio de 2018.[\/vc_column_text][\/vc_column][vc_column width=&#8221;1\/3&#8243;][vc_single_image image=&#8221;5003&#8243; img_size=&#8221;full&#8221; alignment=&#8221;center&#8221;][vc_column_text]<\/p>\n<h3 class=\"headline\"><a href=\"http:\/\/canalcncmedellin.com\/noticia\/idea-es-premio-internacional-sostenible\/3128\" target=\"_blank\" rel=\"noopener\">IDEA recibe premio internacional sostenible de ALIDE<\/a><\/h3>\n<p>Canal CNC (Colombia), 6 de junio de 2018.[\/vc_column_text][\/vc_column][vc_column width=&#8221;1\/3&#8243;][vc_single_image image=&#8221;5004&#8243; img_size=&#8221;full&#8221; alignment=&#8221;center&#8221;][vc_column_text]<\/p>\n<h3 class=\"headline\"><a href=\"http:\/\/www.valoraanalitik.com\/2018\/06\/13\/el-idea-premiado-por-proyecto-de-economia-sostenible\/\" target=\"_blank\" rel=\"noopener\">El Idea, premiado por proyecto de econom\u00eda sostenible<\/a><\/h3>\n<p>Valora Analitik (Colombia), 6 de junio de 2018.[\/vc_column_text][\/vc_column][\/vc_row][vc_row disable_element=&#8221;yes&#8221;][vc_column width=&#8221;1\/3&#8243;][vc_single_image image=&#8221;1826&#8243; img_size=&#8221;full&#8221; alignment=&#8221;center&#8221;][vc_column_text]<\/p>\n<h3 class=\"headline\"><a href=\"https:\/\/www.eleconomista.com.mx\/empresas\/Jacques-Rogozinski-fue-elegido-nuevamente-presidente-de-la-Alide-20180603-0009.html\" target=\"_blank\" rel=\"noopener\">Jacques Rogozinski fue elegido nuevamente presidente de la Alide<\/a><\/h3>\n<p>El Economista (M\u00e9xico), 3 de junio de 2018.[\/vc_column_text][\/vc_column][vc_column width=&#8221;1\/3&#8243;][vc_single_image image=&#8221;1840&#8243; img_size=&#8221;full&#8221; alignment=&#8221;center&#8221;][vc_column_text]<\/p>\n<h3 class=\"headline\"><a href=\"https:\/\/www.20minutos.com.mx\/noticia\/377421\/0\/rogozinski-va-de-nuevo-como-presidente-de-la-alide\/\" target=\"_blank\" rel=\"noopener\">Rogozinski va de nuevo como presidente de la Alide<\/a><a href=\"http:\/\/canalcncmedellin.com\/noticia\/idea-es-premio-internacional-sostenible\/3128\" target=\"_blank\" rel=\"noopener\"><br \/>\n<\/a><\/h3>\n<p>20minutos (M\u00e9xico), 3 de junio de 2018.[\/vc_column_text][\/vc_column][vc_column width=&#8221;1\/3&#8243;][vc_single_image image=&#8221;5005&#8243; img_size=&#8221;full&#8221; alignment=&#8221;center&#8221;][vc_column_text]<\/p>\n<h3 class=\"headline\"><a href=\"https:\/\/www.pressreader.com\/ecuador\/diario-expreso\/20180531\/281865824151555\" target=\"_blank\" rel=\"noopener\">La banca regional refresca el dise\u00f1o de ciudades<\/a><\/h3>\n<p>Diario Expreso (Ecuador), 3 de junio de 2018.[\/vc_column_text][\/vc_column][\/vc_row][vc_row disable_element=&#8221;yes&#8221;][vc_column width=&#8221;1\/3&#8243;][vc_single_image image=&#8221;5007&#8243; img_size=&#8221;full&#8221; alignment=&#8221;center&#8221;][vc_column_text]<\/p>\n<h3 class=\"headline\"><a href=\"https:\/\/elcomercio.pe\/economia\/peru\/remy-rioux-nuestra-ambicion-100-acuerdo-paris-noticia-523941\" target=\"_blank\" rel=\"noopener\">R\u00e9my Rioux: \u201cNuestra ambici\u00f3n es ser 100% Acuerdo de Par\u00eds\u201d<\/a><\/h3>\n<p>Diario El Comercio (Per\u00fa), 2 de junio de 2018.[\/vc_column_text][\/vc_column][vc_column width=&#8221;1\/3&#8243;][vc_single_image image=&#8221;5008&#8243; img_size=&#8221;full&#8221; alignment=&#8221;center&#8221;][vc_column_text]<\/p>\n<h3 class=\"headline\"><a href=\"http:\/\/valormercado.com.br\/manchete\/2018\/06\/banco-do-nordeste-recebe-premio-internacional-no-peru\/\" target=\"_blank\" rel=\"noopener\">Banco do Nordeste recebe pr\u00eamio internacional no Peru<br \/>\n<\/a><\/h3>\n<p>Valor Mercado (Per\u00fa), 2 de junio de 2018.[\/vc_column_text][\/vc_column][vc_column width=&#8221;1\/3&#8243;][vc_single_image image=&#8221;5009&#8243; img_size=&#8221;full&#8221; alignment=&#8221;center&#8221;][vc_column_text]<\/p>\n<h3 class=\"headline\"><a href=\"http:\/\/www.eleconomistaamerica.com\/mercados-eAm\/noticias\/9174413\/05\/18\/Banca-de-desarrollo-de-Latinoamerica-propiciara-mayor-resiliencia-de-ciudades.html\" target=\"_blank\" rel=\"noopener\">Banca de desarrollo de Latinoam\u00e9rica propiciar\u00e1 mayor resiliencia de ciudades<\/a><\/h3>\n<p>El Economista Am\u00e9rica (regional), 2 de junio de 2018.[\/vc_column_text][\/vc_column][\/vc_row][vc_row disable_element=&#8221;yes&#8221;][vc_column width=&#8221;1\/3&#8243;][vc_single_image image=&#8221;5010&#8243; img_size=&#8221;full&#8221; alignment=&#8221;center&#8221;][vc_column_text]<\/p>\n<h3 class=\"headline\"><a href=\"https:\/\/gestion.pe\/economia\/personas-prestan-informales-pagan-tasas-1-000-amortizan-deuda-234869\" target=\"_blank\" rel=\"noopener\">Personas que se prestan de informales pagan tasas de 1,000% y no amortizan deuda<\/a><\/h3>\n<p>Diario Gesti\u00f3n (Per\u00fa), 1 de junio de 2018.[\/vc_column_text][\/vc_column][vc_column width=&#8221;1\/3&#8243;][vc_single_image image=&#8221;1840&#8243; img_size=&#8221;full&#8221; alignment=&#8221;center&#8221;][vc_column_text]<\/p>\n<h3 class=\"headline\"><a href=\"https:\/\/www.20minutos.com.mx\/noticia\/376453\/0\/inicia-asamblea-sobre-papel-actual-de-bancos-de-desarrollo-en-la-region\/\" target=\"_blank\" rel=\"noopener\">Inicia Asamblea sobre papel actual de bancos de desarrollo en la regi\u00f3n<br \/>\n<\/a><\/h3>\n<p>20minutos (M\u00e9xico), 30 de mayo de 2018.[\/vc_column_text][\/vc_column][vc_column width=&#8221;1\/3&#8243;][vc_single_image image=&#8221;5011&#8243; img_size=&#8221;full&#8221; alignment=&#8221;center&#8221;][vc_column_text]<\/p>\n<h3 class=\"headline\"><a href=\"http:\/\/blogs.odiario.com\/joaoregiani\/2018\/06\/06\/em-lima-reuniao-institucional-com-alide\/\" target=\"_blank\" rel=\"noopener\">Em Lima reuni\u00e3o institucional com a ALIDE<\/a><\/h3>\n<p>Odiario (Brasil), 30 de mayo de 2018.[\/vc_column_text][\/vc_column][\/vc_row][vc_row disable_element=&#8221;yes&#8221;][vc_column width=&#8221;1\/3&#8243;][vc_single_image image=&#8221;3803&#8243; img_size=&#8221;full&#8221; alignment=&#8221;center&#8221;][vc_column_text]<\/p>\n<h3 class=\"headline\"><a href=\"http:\/\/www.elfinanciero.com.mx\/economia\/bancomext-y-alide-buscan-mayor-impacto-de-la-banca-de-desarrollo-en-el-comercio-de-al\" target=\"_blank\" rel=\"noopener\">Bancomext y Alide van por mayor impacto de banca de desarrollo en comercio de AL<\/a><\/h3>\n<p>Diario El Financiero (M\u00e9xico), 11 de abril de 2018.[\/vc_column_text][\/vc_column][vc_column width=&#8221;1\/3&#8243;][vc_single_image image=&#8221;3804&#8243; img_size=&#8221;full&#8221; alignment=&#8221;center&#8221;][vc_column_text]<\/p>\n<h3 class=\"headline\"><a href=\"https:\/\/www.alide.org.pe\/wp-content\/uploads\/2018\/04\/Nota-El-Universal-ALADI.pdf\" target=\"_blank\" rel=\"noopener\">Ante Trump, AL debe considerar integraci\u00f3n<\/a><\/h3>\n<p>Diario El Universal (M\u00e9xico), 12 de abril de 2018.[\/vc_column_text][\/vc_column][vc_column width=&#8221;1\/3&#8243;][vc_single_image image=&#8221;3801&#8243; img_size=&#8221;full&#8221; alignment=&#8221;center&#8221;][vc_column_text]<\/p>\n<h3 class=\"headline\"><a href=\"http:\/\/www.notimex.gob.mx\/comunicadosDetalle\/518408\" target=\"_blank\" rel=\"noopener\">Bancos de Desarrollo apoyar\u00e1n negocios e inversiones interregionales para la integraci\u00f3n de Am\u00e9rica Latina y el Caribe<\/a><\/h3>\n<p>Agencia de Noticias del Estado de M\u00e9xico (Notimex), 12 de abril de 2018.[\/vc_column_text][\/vc_column][\/vc_row][vc_row disable_element=&#8221;yes&#8221;][vc_column width=&#8221;1\/3&#8243;][vc_single_image image=&#8221;3800&#8243; img_size=&#8221;full&#8221; alignment=&#8221;center&#8221;][vc_column_text]<\/p>\n<h3 class=\"headline\"><a href=\"http:\/\/www.elfinanciero.com.mx\/tv\/al-sonar-la-campana\/bancomext-y-alide-buscan-mayor-impacto-de-la-banca-de-desarrollo-en-comercio-de-al\" target=\"_blank\" rel=\"noopener\">Entrevista a Edgardo Alvarez, secretario general de ALIDE<\/a><\/h3>\n<p>Bloomberg TV (M\u00e9xico), 11 de abril de 2018.[\/vc_column_text][\/vc_column][vc_column width=&#8221;1\/3&#8243;][vc_single_image image=&#8221;1824&#8243; img_size=&#8221;full&#8221; alignment=&#8221;center&#8221;][vc_column_text]<\/p>\n<h3 class=\"headline\"><a href=\"https:\/\/www.findeter.gov.co\/publicaciones\/findeter_y_kfw_firman_acuerdo_separado_para_implementar_credito_de_eficiencia_energetica_pub\" target=\"_blank\" rel=\"noopener\">Rodolfo Zea particip\u00f3 de Consejo Directivo de ALIDE<\/a><\/h3>\n<p>Comunicado Findeter (Colombia), 27 de marzo.[\/vc_column_text][\/vc_column][vc_column width=&#8221;1\/3&#8243;][vc_single_image image=&#8221;3799&#8243; img_size=&#8221;full&#8221; alignment=&#8221;center&#8221;][vc_column_text]<\/p>\n<h3 class=\"headline\"><a href=\"https:\/\/www.elsol.com.ar\/el-consejo-directivo-de-la-alide-se-reunira-en-mendoza\" target=\"_blank\" rel=\"noopener\">El Consejo Directivo de la ALIDE se reunir\u00e1 en Mendoza<\/a><\/h3>\n<p>Diario El Sol (Argentina), 22 de marzo de 2018.[\/vc_column_text][\/vc_column][\/vc_row][vc_row disable_element=&#8221;yes&#8221;][vc_column width=&#8221;1\/3&#8243;][vc_single_image image=&#8221;1822&#8243; img_size=&#8221;full&#8221; alignment=&#8221;center&#8221;][vc_column_text]<\/p>\n<h3 class=\"headline\"><a href=\"http:\/\/proactivo.com.pe\/48-asamblea-general-retos-del-presente-y-desafios-del-futuro-de-la-banca-de-desarrollo\/\" target=\"_blank\" rel=\"noopener\">48 Asamblea General de ALIDE: Retos y Desaf\u00edos de la Banca de Desarrollo<\/a><\/h3>\n<p><strong>Revista Proactivo (Per\u00fa), 30 de enero 2018<\/strong>[\/vc_column_text][\/vc_column][vc_column width=&#8221;1\/3&#8243;][vc_single_image image=&#8221;1823&#8243; img_size=&#8221;full&#8221; alignment=&#8221;center&#8221;][vc_column_text]<\/p>\n<h3 class=\"headline\"><a href=\"http:\/\/www.rptnoticias.com\/2018\/01\/26\/apuesta-colombia-desarrollo-sostenible-del-pais-la-region-compromiso-presidente-findeter\/\" target=\"_blank\" rel=\"noopener\">ALIDE y Findeter apuestan por el desarrollo sostenible de Colombia y la regi\u00f3n<\/a><\/h3>\n<p>RPT Noticias (Colombia). 25 de enero 2018[\/vc_column_text][\/vc_column][vc_column width=&#8221;1\/3&#8243;][vc_single_image image=&#8221;1824&#8243; img_size=&#8221;full&#8221; alignment=&#8221;center&#8221;][vc_column_text]<\/p>\n<h3 class=\"headline\"><a href=\"https:\/\/www.findeter.gov.co\/publicaciones\/alide_conmemoro_en_lima_sus_50_anos_pub\" target=\"_blank\" rel=\"noopener\">ALIDE conmemor\u00f3 en Lima, Per\u00fa, su 50 aniversario de constituci\u00f3n<\/a><\/h3>\n<p>Comunicado Findeter (Colombia). 25 de enero 2018[\/vc_column_text][\/vc_column][\/vc_row][vc_row disable_element=&#8221;yes&#8221;][vc_column width=&#8221;1\/3&#8243;][vc_single_image image=&#8221;1825&#8243; img_size=&#8221;full&#8221; alignment=&#8221;center&#8221;][vc_column_text]<\/p>\n<h3 class=\"headline\"><a href=\"http:\/\/agraria.pe\/noticias\/banco-do-nordeste-do-brasil-fue-reconocido-con-el-premio-agr-15479\" target=\"_blank\" rel=\"noopener\">Banco do Nordeste do Brasil fue reconocido por ALIDE y Agrobanco<\/a><\/h3>\n<p>Revista Agraria (Per\u00fa). 08 de diciembre 2017[\/vc_column_text][\/vc_column][vc_column width=&#8221;1\/3&#8243;][vc_single_image image=&#8221;1826&#8243; img_size=&#8221;full&#8221; alignment=&#8221;center&#8221;][vc_column_text]<\/p>\n<h3 class=\"headline\"><a href=\"https:\/\/www.eleconomista.com.mx\/empresas\/Asociacion-de-bancos-de-desarrollo-promovera-credito-en-Iberoamerica-20171207-0076.html\" target=\"_blank\" rel=\"noopener\">Asociaci\u00f3n de bancos de desarrollo promover\u00e1 cr\u00e9dito en Iberoam\u00e9rica<\/a><\/h3>\n<p>El Economista (M\u00e9xico) 07 de diciembre 2017[\/vc_column_text][\/vc_column][vc_column width=&#8221;1\/3&#8243;][vc_single_image image=&#8221;1828&#8243; img_size=&#8221;full&#8221; alignment=&#8221;center&#8221;][vc_column_text]<\/p>\n<h3 class=\"headline\"><a href=\"https:\/\/www.elcontribuyente.mx\/2017\/12\/debes-darle-una-oportunidad-a-la-banca-de-desarrollo\/\" target=\"_blank\" rel=\"noopener\">\u00bfDebes darle una oportunidad a la banca de desarrollo?<\/a><\/h3>\n<p>Revista El Contribuyente (M\u00e9xico) 05 de noviembre 2017[\/vc_column_text][\/vc_column][\/vc_row][vc_row disable_element=&#8221;yes&#8221;][vc_column width=&#8221;1\/3&#8243;][vc_single_image image=&#8221;1829&#8243; img_size=&#8221;full&#8221; alignment=&#8221;center&#8221;][vc_column_text]<\/p>\n<h3 class=\"headline\"><a href=\"http:\/\/elmundo.sv\/bandesal-realiza-seminario-internacional-para-instituciones-financieras-de-centroamerica-y-suramerica\/\" target=\"_blank\" rel=\"noopener\">ALIDE y Bandesal organizaron seminario internacional para instituciones financieras<\/a><\/h3>\n<p>El Mundo (El Salvador), 18 de octubre 2017[\/vc_column_text][\/vc_column][vc_column width=&#8221;1\/3&#8243;][vc_single_image image=&#8221;1831&#8243; img_size=&#8221;full&#8221; alignment=&#8221;center&#8221;][vc_column_text]<\/p>\n<h3 class=\"headline\"><a href=\"https:\/\/ladiaria.com.uy\/articulo\/2017\/10\/cnd-y-brou-reflexionaron-sobre-aprendizajes-y-desafios-futuros-de-los-proyectos-por-modalidad-ppp\/\" target=\"_blank\" rel=\"noopener\">CND y BROU reflexionaron sobre aprendizajes de proyectos PPP en seminario de ALIDE<\/a><\/h3>\n<p>La Diaria (Uruguay), 02 de octubre 2017[\/vc_column_text][\/vc_column][vc_column width=&#8221;1\/3&#8243;][vc_single_image image=&#8221;1832&#8243; img_size=&#8221;full&#8221; alignment=&#8221;center&#8221;][vc_column_text]<\/p>\n<h3 class=\"headline\"><a href=\"http:\/\/www.bfp.com.ni\/bfp-visita-banco-desarrollo-aleman\/\" target=\"_blank\" rel=\"noopener\">BFP visita Banco de Desarrollo Alem\u00e1n en misi\u00f3n de ALIDE<\/a><\/h3>\n<p>Comunicado BFP (Nicaragua), 21 de setiembre 2017[\/vc_column_text][\/vc_column][\/vc_row][vc_row disable_element=&#8221;yes&#8221;][vc_column width=&#8221;1\/3&#8243;][vc_single_image image=&#8221;1833&#8243; img_size=&#8221;full&#8221; alignment=&#8221;center&#8221;][vc_column_text]<\/p>\n<h3 class=\"headline\"><a href=\"https:\/\/www.banecuador.fin.ec\/noticias-banecuador\/boletines-de-prensa\/presidente-banecuador-expuso-logros-institucionales-seminario-aladi-cepal\/\" target=\"_blank\" rel=\"noopener\">Presidente de BanEcuador expuso logros Institucionales en el seminario ALADI \u2013 CEPAL<\/a><\/h3>\n<p>Comunicado de Prensa BanEcuador, 16 de agosto 2017[\/vc_column_text][\/vc_column][vc_column width=&#8221;1\/3&#8243;][vc_single_image image=&#8221;1835&#8243; img_size=&#8221;full&#8221; alignment=&#8221;center&#8221;][vc_column_text]<\/p>\n<h3 class=\"headline\"><a href=\"https:\/\/mba.americaeconomia.com\/articulos\/notas\/alide-y-cepal-organizan-seminario-para-promover-la-inclusion-financiera-en-america\" target=\"_blank\" rel=\"noopener\">ALIDE y CEPAL organizan seminario para promover la inclusi\u00f3n financiera en ALC<\/a><\/h3>\n<p>Am\u00e9rica Econom\u00eda, 15 de agosto 2017[\/vc_column_text][\/vc_column][vc_column width=&#8221;1\/3&#8243;][vc_single_image image=&#8221;1836&#8243; img_size=&#8221;full&#8221; alignment=&#8221;center&#8221;][vc_column_text]<\/p>\n<h3 class=\"headline\"><a href=\"http:\/\/larepublica.pe\/economia\/1074906-uso-de-redes-sociales-sera-clave-para-el-analisis-de-riesgo-en-creditos\" target=\"_blank\" rel=\"noopener\">ALIDE: Uso de redes sociales ser\u00e1 clave para el an\u00e1lisis de riesgo en cr\u00e9ditos<\/a><\/h3>\n<p>Diario La Rep\u00fablica (Per\u00fa), 17 de agosto 2017[\/vc_column_text][\/vc_column][\/vc_row][vc_row disable_element=&#8221;yes&#8221;][vc_column width=&#8221;1\/3&#8243;][vc_single_image image=&#8221;1839&#8243; img_size=&#8221;full&#8221; alignment=&#8221;center&#8221;][vc_column_text]<\/p>\n<h3 class=\"headline\"><a href=\"https:\/\/www.gob.mx\/nafin\/prensa\/el-director-general-de-nacional-financiera-jacques-rogozinski-asume-la-presidencia-de-la-alide\" target=\"_blank\" rel=\"noopener\">El director general de Nacional Financiera, Jacques Rogozinski, asume la presidencia de la ALIDE<\/a><\/h3>\n<p>Gobierno de M\u00e9xico, 05 de agosto 2017[\/vc_column_text][\/vc_column][vc_column width=&#8221;1\/3&#8243;][vc_single_image image=&#8221;1838&#8243; img_size=&#8221;full&#8221; alignment=&#8221;center&#8221;][vc_column_text]<\/p>\n<h3 class=\"headline\"><a href=\"http:\/\/www.andina.com.pe\/agencia\/noticia-cofide-busca-contribuir-a-reducir-pobreza-mas-cultura-financiera-679026.aspx\" target=\"_blank\" rel=\"noopener\">Cofide se\u00f1ala en seminario ALIDE que busca contribuir a reducir pobreza con cultura financiera<\/a><\/h3>\n<p>Agencia Andina (Per\u00fa), 16 de agosto 2017[\/vc_column_text][\/vc_column][vc_column width=&#8221;1\/3&#8243;][vc_single_image image=&#8221;1840&#8243; img_size=&#8221;full&#8221; alignment=&#8221;center&#8221;][vc_column_text]<\/p>\n<h3 class=\"headline\"><a href=\"https:\/\/www.20minutos.com.mx\/noticia\/250933\/0\/bansefi-se-incorpora-a-organismo-regional-de-instituciones-financieras\/\" target=\"_blank\" rel=\"noopener\">Bansefi se incorpora a ALIDE, organismo regional de instituciones financieras<\/a><\/h3>\n<p>20minutos (M\u00e9xico), 01 de agosto 2017[\/vc_column_text][\/vc_column][\/vc_row][vc_row disable_element=&#8221;yes&#8221;][vc_column width=&#8221;1\/3&#8243;][vc_single_image image=&#8221;1842&#8243; img_size=&#8221;full&#8221; alignment=&#8221;center&#8221;][vc_column_text]<\/p>\n<h3 class=\"headline\"><a href=\"https:\/\/www.gfmag.com\/magazine\/julyaugust-2017\/latin-america-development-breathing-room\" target=\"_blank\" rel=\"noopener\">Latin America: The Role ofDevelopment Banks<\/a><\/h3>\n<p>Revista Global Finance, 21 de julio 2017[\/vc_column_text][\/vc_column][vc_column width=&#8221;1\/3&#8243;][vc_single_image image=&#8221;1843&#8243; img_size=&#8221;full&#8221; alignment=&#8221;center&#8221;][vc_column_text]<\/p>\n<h3 class=\"headline\"><a href=\"https:\/\/www.20minutos.com.mx\/noticia\/236946\/0\/bancos-de-desarrollo-deben-adoptar-medidas-para-inversiones-verdes-banobras\/\" target=\"_blank\" rel=\"noopener\">Bancos de desarrollo deben adoptar medidas para inversiones verdes<\/a><\/h3>\n<p>20minutos (M\u00e9xico), 26 de junio 2017[\/vc_column_text][\/vc_column][vc_column width=&#8221;1\/3&#8243;][vc_single_image image=&#8221;1826&#8243; img_size=&#8221;full&#8221; alignment=&#8221;center&#8221;][vc_column_text]<\/p>\n<h3 class=\"headline\"><a href=\"https:\/\/www.eleconomista.com.mx\/sectorfinanciero\/La-banca-de-desarrollo-de-AL-contraciclica-al-populismo-Alide-20170604-0124.html\" target=\"_blank\" rel=\"noopener\">ALIDE: La Banca de Desarrollo de AL, contrac\u00edclica al populismo<\/a><\/h3>\n<p>El Economista (M\u00e9xico), 04 de junio 2017[\/vc_column_text][\/vc_column][\/vc_row][vc_row disable_element=&#8221;yes&#8221;][vc_column width=&#8221;1\/3&#8243;][vc_single_image image=&#8221;1826&#8243; img_size=&#8221;full&#8221; alignment=&#8221;center&#8221;][vc_column_text]<\/p>\n<h3 class=\"headline\"><a href=\"https:\/\/www.eleconomista.com.mx\/sectorfinanciero\/Bancomext-reconocido-como-banco-de-desarrollo-del-ano-de-AL-20170604-0023.html\" target=\"_blank\" rel=\"noopener\">Bancomext, reconocido por ALIDE como banco de desarrollo del a\u00f1o de AL<\/a><\/h3>\n<p>El Economista (M\u00e9xico), 04 de junio 2017[\/vc_column_text][\/vc_column][vc_column width=&#8221;1\/3&#8243;][vc_single_image image=&#8221;1850&#8243; img_size=&#8221;full&#8221; alignment=&#8221;center&#8221;][vc_column_text]<\/p>\n<h3 class=\"headline\"><a href=\"http:\/\/www.corporativo.bancoestado.cl\/sala-de-prensa\/noticias-bancoestado\/noticias-2017\/2017\/05\/31\/el-cambio-clim%C3%A1tico-la-disrupci%C3%B3n-tecnol%C3%B3gica-y-el-proteccionismo-comercial-son-los-tres-desaf%C3%ADos-globales-para-latinoam%C3%A9rica\" target=\"_blank\" rel=\"noopener\">ALIDE: los tres desaf\u00edos globales para Latinoam\u00e9rica<\/a><\/h3>\n<p>Comunicado BancoEstado (Chile), 1 de junio 2017[\/vc_column_text][\/vc_column][vc_column width=&#8221;1\/3&#8243;][vc_single_image image=&#8221;1851&#8243; img_size=&#8221;full&#8221; alignment=&#8221;center&#8221;][vc_column_text]<\/p>\n<h3 class=\"headline\"><a href=\"https:\/\/www.revistaplus.com.py\/2017\/03\/30\/consejo-directivo-de-alide-sesiona-en-el-bnf\/\" target=\"_blank\" rel=\"noopener\">Consejo directivo de ALIDE sesiona en el BNF<\/a><\/h3>\n<p>Revista Plus (Paraguay), 30 de marzo 2017[\/vc_column_text][\/vc_column][\/vc_row][vc_row][vc_column width=&#8221;1\/3&#8243;][vc_column_text 0=&#8221;&#8221;]<\/p>\n<p>[\/vc_column_text][\/vc_column][\/vc_row]<\/p>\n<\/div>","protected":false},"excerpt":{"rendered":"<p>[vc_row disable_element=&#8221;yes&#8221;][vc_column][vc_single_image image=&#8221;32046&#8243; img_size=&#8221;large&#8221; alignment=&#8221;center&#8221;][\/vc_column][\/vc_row][vc_row][vc_column][vc_empty_space][vc_custom_heading text=&#8221;ALIDE in Media&#8221; font_container=&#8221;tag:h2|text_align:left|color:%23013c7b&#8221; use_theme_fonts=&#8221;yes&#8221;][vc_empty_space height=&#8221;10px&#8221;][\/vc_column][\/vc_row][vc_row][vc_column width=&#8221;1\/3&#8243;][vc_single_image image=&#8221;32166&#8243; img_size=&#8221;full&#8221; alignment=&#8221;center&#8221;][vc_column_text] Belize\u2019s DFC CEO Elected to ALIDE Board of Directors Greater Belize<span class=\"excerpt-hellip\"> [\u2026]<\/span><\/p>\n","protected":false},"author":3,"featured_media":0,"parent":2509,"menu_order":0,"comment_status":"closed","ping_status":"closed","template":"","meta":{"_uag_custom_page_level_css":"","footnotes":""},"class_list":["post-2513","page","type-page","status-publish","hentry"],"yoast_head":"<!-- This site is optimized with the Yoast SEO plugin v26.1.1 - https:\/\/yoast.com\/wordpress\/plugins\/seo\/ -->\n<title>ALIDE in Media - ALIDE<\/title>\n<meta name=\"robots\" content=\"index, follow, max-snippet:-1, max-image-preview:large, max-video-preview:-1\" \/>\n<link rel=\"canonical\" href=\"https:\/\/www.alide.org.pe\/en\/sala-de-prensa\/alide-in-media\/\" \/>\n<meta property=\"og:locale\" content=\"en_US\" \/>\n<meta property=\"og:type\" content=\"article\" \/>\n<meta property=\"og:title\" content=\"ALIDE in Media - ALIDE\" \/>\n<meta property=\"og:description\" content=\"[vc_row disable_element=&#8221;yes&#8221;][vc_column][vc_single_image image=&#8221;32046&#8243; img_size=&#8221;large&#8221; alignment=&#8221;center&#8221;][\/vc_column][\/vc_row][vc_row][vc_column][vc_empty_space][vc_custom_heading text=&#8221;ALIDE in Media&#8221; font_container=&#8221;tag:h2|text_align:left|color:%23013c7b&#8221; use_theme_fonts=&#8221;yes&#8221;][vc_empty_space height=&#8221;10px&#8221;][\/vc_column][\/vc_row][vc_row][vc_column width=&#8221;1\/3&#8243;][vc_single_image image=&#8221;32166&#8243; img_size=&#8221;full&#8221; alignment=&#8221;center&#8221;][vc_column_text] Belize\u2019s DFC CEO Elected to ALIDE Board of Directors Greater Belize [\u2026]\" \/>\n<meta property=\"og:url\" content=\"https:\/\/www.alide.org.pe\/en\/sala-de-prensa\/alide-in-media\/\" \/>\n<meta property=\"og:site_name\" content=\"ALIDE\" \/>\n<meta property=\"article:publisher\" content=\"https:\/\/www.facebook.com\/alideoficial\/\" \/>\n<meta property=\"article:modified_time\" content=\"2025-09-02T20:31:32+00:00\" \/>\n<meta name=\"twitter:card\" content=\"summary_large_image\" \/>\n<meta name=\"twitter:site\" content=\"@_ALIDE_\" \/>\n<meta name=\"twitter:label1\" content=\"Est. reading time\" \/>\n\t<meta name=\"twitter:data1\" content=\"19 minutes\" \/>\n<script type=\"application\/ld+json\" class=\"yoast-schema-graph\">{\"@context\":\"https:\/\/schema.org\",\"@graph\":[{\"@type\":\"WebPage\",\"@id\":\"https:\/\/www.alide.org.pe\/en\/sala-de-prensa\/alide-in-media\/\",\"url\":\"https:\/\/www.alide.org.pe\/en\/sala-de-prensa\/alide-in-media\/\",\"name\":\"ALIDE in Media - ALIDE\",\"isPartOf\":{\"@id\":\"https:\/\/www.alide.org.pe\/#website\"},\"datePublished\":\"2017-09-27T19:22:15+00:00\",\"dateModified\":\"2025-09-02T20:31:32+00:00\",\"breadcrumb\":{\"@id\":\"https:\/\/www.alide.org.pe\/en\/sala-de-prensa\/alide-in-media\/#breadcrumb\"},\"inLanguage\":\"en-US\",\"potentialAction\":[{\"@type\":\"ReadAction\",\"target\":[\"https:\/\/www.alide.org.pe\/en\/sala-de-prensa\/alide-in-media\/\"]}]},{\"@type\":\"BreadcrumbList\",\"@id\":\"https:\/\/www.alide.org.pe\/en\/sala-de-prensa\/alide-in-media\/#breadcrumb\",\"itemListElement\":[{\"@type\":\"ListItem\",\"position\":1,\"name\":\"Portada\",\"item\":\"https:\/\/www.alide.org.pe\/en\/\"},{\"@type\":\"ListItem\",\"position\":2,\"name\":\"Press Room\",\"item\":\"https:\/\/www.alide.org.pe\/en\/sala-de-prensa\/\"},{\"@type\":\"ListItem\",\"position\":3,\"name\":\"ALIDE in Media\"}]},{\"@type\":\"WebSite\",\"@id\":\"https:\/\/www.alide.org.pe\/#website\",\"url\":\"https:\/\/www.alide.org.pe\/\",\"name\":\"ALIDE\",\"description\":\"Asociaci\u00f3n Latinoamericana de Instituciones Financieras para el Desarrollo\",\"potentialAction\":[{\"@type\":\"SearchAction\",\"target\":{\"@type\":\"EntryPoint\",\"urlTemplate\":\"https:\/\/www.alide.org.pe\/?s={search_term_string}\"},\"query-input\":{\"@type\":\"PropertyValueSpecification\",\"valueRequired\":true,\"valueName\":\"search_term_string\"}}],\"inLanguage\":\"en-US\"}]}<\/script>\n<!-- \/ Yoast SEO plugin. -->","yoast_head_json":{"title":"ALIDE in Media - ALIDE","robots":{"index":"index","follow":"follow","max-snippet":"max-snippet:-1","max-image-preview":"max-image-preview:large","max-video-preview":"max-video-preview:-1"},"canonical":"https:\/\/www.alide.org.pe\/en\/sala-de-prensa\/alide-in-media\/","og_locale":"en_US","og_type":"article","og_title":"ALIDE in Media - ALIDE","og_description":"[vc_row disable_element=&#8221;yes&#8221;][vc_column][vc_single_image image=&#8221;32046&#8243; img_size=&#8221;large&#8221; alignment=&#8221;center&#8221;][\/vc_column][\/vc_row][vc_row][vc_column][vc_empty_space][vc_custom_heading text=&#8221;ALIDE in Media&#8221; font_container=&#8221;tag:h2|text_align:left|color:%23013c7b&#8221; use_theme_fonts=&#8221;yes&#8221;][vc_empty_space height=&#8221;10px&#8221;][\/vc_column][\/vc_row][vc_row][vc_column width=&#8221;1\/3&#8243;][vc_single_image image=&#8221;32166&#8243; img_size=&#8221;full&#8221; alignment=&#8221;center&#8221;][vc_column_text] Belize\u2019s DFC CEO Elected to ALIDE Board of Directors Greater Belize [\u2026]","og_url":"https:\/\/www.alide.org.pe\/en\/sala-de-prensa\/alide-in-media\/","og_site_name":"ALIDE","article_publisher":"https:\/\/www.facebook.com\/alideoficial\/","article_modified_time":"2025-09-02T20:31:32+00:00","twitter_card":"summary_large_image","twitter_site":"@_ALIDE_","twitter_misc":{"Est. reading time":"19 minutes"},"schema":{"@context":"https:\/\/schema.org","@graph":[{"@type":"WebPage","@id":"https:\/\/www.alide.org.pe\/en\/sala-de-prensa\/alide-in-media\/","url":"https:\/\/www.alide.org.pe\/en\/sala-de-prensa\/alide-in-media\/","name":"ALIDE in Media - ALIDE","isPartOf":{"@id":"https:\/\/www.alide.org.pe\/#website"},"datePublished":"2017-09-27T19:22:15+00:00","dateModified":"2025-09-02T20:31:32+00:00","breadcrumb":{"@id":"https:\/\/www.alide.org.pe\/en\/sala-de-prensa\/alide-in-media\/#breadcrumb"},"inLanguage":"en-US","potentialAction":[{"@type":"ReadAction","target":["https:\/\/www.alide.org.pe\/en\/sala-de-prensa\/alide-in-media\/"]}]},{"@type":"BreadcrumbList","@id":"https:\/\/www.alide.org.pe\/en\/sala-de-prensa\/alide-in-media\/#breadcrumb","itemListElement":[{"@type":"ListItem","position":1,"name":"Portada","item":"https:\/\/www.alide.org.pe\/en\/"},{"@type":"ListItem","position":2,"name":"Press Room","item":"https:\/\/www.alide.org.pe\/en\/sala-de-prensa\/"},{"@type":"ListItem","position":3,"name":"ALIDE in Media"}]},{"@type":"WebSite","@id":"https:\/\/www.alide.org.pe\/#website","url":"https:\/\/www.alide.org.pe\/","name":"ALIDE","description":"Asociaci\u00f3n Latinoamericana de Instituciones Financieras para el Desarrollo","potentialAction":[{"@type":"SearchAction","target":{"@type":"EntryPoint","urlTemplate":"https:\/\/www.alide.org.pe\/?s={search_term_string}"},"query-input":{"@type":"PropertyValueSpecification","valueRequired":true,"valueName":"search_term_string"}}],"inLanguage":"en-US"}]}},"uagb_featured_image_src":{"full":false,"thumbnail":false,"medium":false,"medium_large":false,"large":false,"1536x1536":false,"2048x2048":false,"post-thumbnail":false,"50x50":false,"clients-slider":false,"slider-content":false,"testimonials":false,"blog-navi":false,"portfolio-mf":false,"portfolio-mf-w":false,"portfolio-mf-t":false,"portfolio-list":false,"blog-portfolio":false,"blog-single":false},"uagb_author_info":{"display_name":"ALIDE","author_link":"https:\/\/www.alide.org.pe\/en\/author\/hanguk\/"},"uagb_comment_info":0,"uagb_excerpt":"[vc_row disable_element=&#8221;yes&#8221;][vc_column][vc_single_image image=&#8221;32046&#8243; img_size=&#8221;large&#8221; alignment=&#8221;center&#8221;][\/vc_column][\/vc_row][vc_row][vc_column][vc_empty_space][vc_custom_heading text=&#8221;ALIDE in Media&#8221; font_container=&#8221;tag:h2|text_align:left|color:%23013c7b&#8221; use_theme_fonts=&#8221;yes&#8221;][vc_empty_space height=&#8221;10px&#8221;][\/vc_column][\/vc_row][vc_row][vc_column width=&#8221;1\/3&#8243;][vc_single_image image=&#8221;32166&#8243; img_size=&#8221;full&#8221; alignment=&#8221;center&#8221;][vc_column_text] Belize\u2019s DFC CEO Elected to ALIDE Board of Directors Greater Belize [\u2026]","_links":{"self":[{"href":"https:\/\/www.alide.org.pe\/en\/wp-json\/wp\/v2\/pages\/2513","targetHints":{"allow":["GET"]}}],"collection":[{"href":"https:\/\/www.alide.org.pe\/en\/wp-json\/wp\/v2\/pages"}],"about":[{"href":"https:\/\/www.alide.org.pe\/en\/wp-json\/wp\/v2\/types\/page"}],"author":[{"embeddable":true,"href":"https:\/\/www.alide.org.pe\/en\/wp-json\/wp\/v2\/users\/3"}],"replies":[{"embeddable":true,"href":"https:\/\/www.alide.org.pe\/en\/wp-json\/wp\/v2\/comments?post=2513"}],"version-history":[{"count":11,"href":"https:\/\/www.alide.org.pe\/en\/wp-json\/wp\/v2\/pages\/2513\/revisions"}],"predecessor-version":[{"id":32178,"href":"https:\/\/www.alide.org.pe\/en\/wp-json\/wp\/v2\/pages\/2513\/revisions\/32178"}],"up":[{"embeddable":true,"href":"https:\/\/www.alide.org.pe\/en\/wp-json\/wp\/v2\/pages\/2509"}],"wp:attachment":[{"href":"https:\/\/www.alide.org.pe\/en\/wp-json\/wp\/v2\/media?parent=2513"}],"curies":[{"name":"wp","href":"https:\/\/api.w.org\/{rel}","templated":true}]}}