{"id":22306,"date":"2022-06-09T23:19:34","date_gmt":"2022-06-09T23:19:34","guid":{"rendered":"https:\/\/www.alide.org.pe\/?page_id=22306"},"modified":"2022-06-09T23:37:44","modified_gmt":"2022-06-09T23:37:44","slug":"caf-presento-la-iniciativa-para-crear-un-mercado-del-carbono-en-alc","status":"publish","type":"page","link":"https:\/\/www.alide.org.pe\/en\/caf-presento-la-iniciativa-para-crear-un-mercado-del-carbono-en-alc\/","title":{"rendered":"CAF present\u00f3 la iniciativa para crear un mercado del carbono en ALC"},"content":{"rendered":"<div class=\"wpb-content-wrapper\"><p>[vc_row 0=&#8221;&#8221;][vc_column 0=&#8221;&#8221;][vc_empty_space 0=&#8221;&#8221;][\/vc_column][\/vc_row][vc_row 0=&#8221;&#8221;][vc_column parallax=&#8221;content-moving&#8221; width=&#8221;1\/6&#8243;][\/vc_column][vc_column width=&#8221;2\/3&#8243;][vc_images_carousel images=&#8221;22307,22309,22311,22313&#8243; img_size=&#8221;large&#8221;][vc_custom_heading 1=&#8221;Latinoamericana&#8221; 2=&#8221;sobre&#8221; 3=&#8221;Financiamiento&#8221; 4=&#8221;e&#8221; 5=&#8221;Impulso&#8221; 6=&#8221;de&#8221; 7=&#8221;los&#8221; 8=&#8221;Negocios&#8221; 9=&#8221;e&#8221; 10=&#8221;Inversiones&#8221; 11=&#8221;Internacionales&#8220;&#8221; text=&#8221;CAF present\u00f3 la iniciativa para crear un mercado del carbono en ALC&#8221; font_container=&#8221;tag:h3|text_align:center|color:%23013c7b&#8221; use_theme_fonts=&#8221;yes&#8221;][vc_column_text 0=&#8221;&#8221;]<\/p>\n<ul>\n<li style=\"list-style-type: none;\">\n<ul>\n<li><em>La iniciativa tiene como aliado a ALIDE y cuenta con el apoyo de 13 instituciones interesadas en impulsar la agenda en la regi\u00f3n.<\/em><\/li>\n<\/ul>\n<hr \/>\n<p><span style=\"color: #009de5;\"><strong>31 de mayo 2022- <\/strong><\/span>\u00a0<a href=\"https:\/\/www.caf.com\/\" target=\"_blank\" rel=\"noopener noreferrer\">CAF -banco de desarrollo de Am\u00e9rica Latina-<\/a> present\u00f3 la <a href=\"https:\/\/www.caf.com\/es\/actualidad\/noticias\/2022\/05\/caf-articulara-la-creacion-de-un-mercado-del-carbono-en-america-latina-y-el-caribe\/\" target=\"_blank\" rel=\"noopener noreferrer\">Iniciativa Latinoamericana y del Caribe para el Desarrollo del Mercado de Carbono (ILACC)<\/a>, durante la 52\u00b0 Asamblea General de <a href=\"https:\/\/www.alide.org.pe\/\">la Asociaci\u00f3n Latinoamericana de Instituciones Financieras para el Desarrollo (ALIDE)<\/a> que se celebr\u00f3 en Willemstad, Curazao.<\/p>\n<p>La ILACC busca impulsar la competitividad global de la oferta de cr\u00e9ditos de carbono generados en la regi\u00f3n, fortaleciendo condiciones para futuros mercados voluntarios y regulados y ampliando su impacto en la generaci\u00f3n de empleo, renta, nuevas tecnolog\u00edas, clusters de negocios verdes y lucha contra la pobreza.<\/p>\n<p>Durante la presentaci\u00f3n, Gladys Genua, directora de la ILACC, explic\u00f3 que el proyecto nace a partir de la problem\u00e1tica del calentamiento global y los compromisos asumidos en la COP26 para reducir las emisiones de gases de efecto invernadero y lograr la carbono neutralidad al 2050. En este sentido, ella precis\u00f3 que para ese a\u00f1o, el tama\u00f1o del mercado de carbono podr\u00eda llegar a unos 22 trillones de d\u00f3lares, lo que significa una oportunidad para Am\u00e9rica Latina y el Caribe (ALC), que tiene un gran potencial como regi\u00f3n, pero baja participaci\u00f3n mundial en este mercado de carbono.<\/p>\n<p>\u00abLos bancos de desarrollo tienen un papel importante en el apalancamiento de recursos que permitan proveer de financiamiento y asistencia t\u00e9cnica a los desarrolladores de proyectos\u00bb, asever\u00f3 Genua, al resaltar la relevancia que tienen las instituciones financieras de desarrollo en esta iniciativa y en la materializaci\u00f3n del <a href=\"https:\/\/www.americaeconomia.com\/mercados-de-carbono-caf-latinoamerica\" target=\"_blank\" rel=\"noopener noreferrer\">mercado de carbono<\/a> regional.<\/p>\n<p>Adem\u00e1s,\u00a0 la directora de la ILACC\u00a0 explic\u00f3 que la iniciativa se desarrollar\u00e1 en una estrategia de doble v\u00eda: por un lado, se ayudar\u00e1 a los pa\u00edses a reforzar sus mercados nacionales, a fortalecer sus pol\u00edticas y mecanismos regulatorios, adem\u00e1s de generar las capacidades t\u00e9cnicas necesarias, y, paralelamente, por otro lado, se identificar\u00e1 las dificultades en la cadena de valor y los elementos comunes entre pa\u00edses para armar una agenda regional y crear la plataforma que permita desarrollar el mercado regional que ayude a ALC a posicionarse en el entorno global.<\/p>\n<p>La ILACC tiene como acciones inmediatas la elaboraci\u00f3n de un diagn\u00f3stico regional sobre el mercado de carbono, la puesta en marcha Observatorio ILACC del Mercado de Carbono, la formaci\u00f3n del Consejo Cient\u00edfico y la creaci\u00f3n del Foro Regional ILACC para ampliar la colaboraci\u00f3n multisectorial que permita diversificar y ampliar la base de proyectos clim\u00e1ticos generados en ALC.<\/p>\n<p>Antes de finalizar la presentaci\u00f3n de la iniciativa, el vicepresidente de Sector Privado de CAF, Jorge Arbache, el presidente de ALIDE, Carlos Linares, el presidente de <a href=\"https:\/\/www.bancoldex.com\/\" target=\"_blank\" rel=\"noopener noreferrer\">Banc\u00f3ldex<\/a>, Javier Diaz, junto a otras instituciones interesadas en el proyecto, firmaron la declaraci\u00f3n conjunta del I Foro ILACC, el cual signific\u00f3 una invitaci\u00f3n para los bancos de desarrollo que deseen sumarse, ya que el proyecto busca convertirse en una iniciativa regional que busca preservar el planeta,\u00a0combatir la pobreza y promover el desarrollo econ\u00f3mico y social.<\/p>\n<p>&nbsp;<\/li>\n<\/ul>\n<p>[\/vc_column_text][\/vc_column][\/vc_row][vc_row 0=&#8221;&#8221;][vc_column parallax=&#8221;content-moving&#8221; width=&#8221;1\/6&#8243;][\/vc_column][vc_column width=&#8221;2\/3&#8243;][vc_column_text 0=&#8221;&#8221;]<\/p>\n<h3><span style=\"color: #009de5;\"><strong>Acerca de CAF<\/strong><\/span><\/h3>\n<p>CAF &#8211; Banco de Desarrollo de Am\u00e9rica Latina &#8211; es una instituci\u00f3n financiera multilateral cuya misi\u00f3n es apoyar el desarrollo sostenible de sus pa\u00edses accionistas y la integraci\u00f3n regional mediante cr\u00e9ditos, recursos no reembolsables y apoyo en la estructuraci\u00f3n t\u00e9cnica y financiera de proyectos de los sectores p\u00fablico y privado de Am\u00e9rica Latina. Est\u00e1 conformado por 18 pa\u00edses de Am\u00e9rica Latina y el Caribe, as\u00ed como por Espa\u00f1a, Portugal y 13 bancos privados latinoamericanos.<\/p>\n<h3><span style=\"color: #009de5;\"><strong>Acerca de ALIDE<\/strong><\/span><\/h3>\n<p>ALIDE es la comunidad de instituciones financieras que genera soluciones en banca para el desarrollo de Am\u00e9rica Latina y el Caribe. Fundada en 1968, su principal objetivo es contribuir al desarrollo econ\u00f3mico y social de la regi\u00f3n, a trav\u00e9s de las buenas pr\u00e1cticas en financiamiento del desarrollo que impulsa entre sus asociados. Est\u00e1 conformada por m\u00e1s de 80 instituciones miembros con presencia en m\u00e1s de 20 pa\u00edses de Latinoam\u00e9rica y otras regiones del mundo.<\/p>\n<h3><span style=\"color: #009de5;\"><strong>Contacto de prensa<\/strong><\/span><\/h3>\n<p><strong>Andrea Villafranca<\/strong><br \/>\nUnidad de Comunicaci\u00f3n Social de ALIDE<br \/>\nTel\u00e9fono: +511-203-5520 |: Ext: 227<br \/>\n<a href=\"mailto:comunicaciones@alide.org\">comunicaciones@alide.org<\/a>,\u00a0<a href=\"mailto:comunicaciones2@alide.org\">comunicaciones2@alide.org<\/a><br \/>\n<a href=\"http:\/\/www.alide.org\/\">www.alide.org<\/a>[\/vc_column_text][\/vc_column][\/vc_row]<\/p>\n<\/div>","protected":false},"excerpt":{"rendered":"<p>[vc_row 0=&#8221;&#8221;][vc_column 0=&#8221;&#8221;][vc_empty_space 0=&#8221;&#8221;][\/vc_column][\/vc_row][vc_row 0=&#8221;&#8221;][vc_column parallax=&#8221;content-moving&#8221; width=&#8221;1\/6&#8243;][\/vc_column][vc_column width=&#8221;2\/3&#8243;][vc_images_carousel images=&#8221;22307,22309,22311,22313&#8243; img_size=&#8221;large&#8221;][vc_custom_heading 1=&#8221;Latinoamericana&#8221; 2=&#8221;sobre&#8221; 3=&#8221;Financiamiento&#8221; 4=&#8221;e&#8221; 5=&#8221;Impulso&#8221; 6=&#8221;de&#8221; 7=&#8221;los&#8221; 8=&#8221;Negocios&#8221; 9=&#8221;e&#8221; 10=&#8221;Inversiones&#8221; 11=&#8221;Internacionales&#8220;&#8221; text=&#8221;CAF present\u00f3 la iniciativa para<span class=\"excerpt-hellip\"> [\u2026]<\/span><\/p>\n","protected":false},"author":3,"featured_media":0,"parent":0,"menu_order":0,"comment_status":"closed","ping_status":"closed","template":"","meta":{"_uag_custom_page_level_css":"","footnotes":""},"class_list":["post-22306","page","type-page","status-publish","hentry"],"yoast_head":"<!-- This site is optimized with the Yoast SEO plugin v26.1.1 - https:\/\/yoast.com\/wordpress\/plugins\/seo\/ -->\n<title>CAF present\u00f3 la iniciativa para crear un mercado del carbono en ALC - ALIDE<\/title>\n<meta name=\"robots\" content=\"index, follow, max-snippet:-1, max-image-preview:large, max-video-preview:-1\" \/>\n<link rel=\"canonical\" href=\"https:\/\/www.alide.org.pe\/en\/caf-presento-la-iniciativa-para-crear-un-mercado-del-carbono-en-alc\/\" \/>\n<meta property=\"og:locale\" content=\"en_US\" \/>\n<meta property=\"og:type\" content=\"article\" \/>\n<meta property=\"og:title\" content=\"CAF present\u00f3 la iniciativa para crear un mercado del carbono en ALC - ALIDE\" \/>\n<meta property=\"og:description\" content=\"[vc_row 0=&#8221;&#8221;][vc_column 0=&#8221;&#8221;][vc_empty_space 0=&#8221;&#8221;][\/vc_column][\/vc_row][vc_row 0=&#8221;&#8221;][vc_column parallax=&#8221;content-moving&#8221; width=&#8221;1\/6&#8243;][\/vc_column][vc_column width=&#8221;2\/3&#8243;][vc_images_carousel images=&#8221;22307,22309,22311,22313&#8243; img_size=&#8221;large&#8221;][vc_custom_heading 1=&#8221;Latinoamericana&#8221; 2=&#8221;sobre&#8221; 3=&#8221;Financiamiento&#8221; 4=&#8221;e&#8221; 5=&#8221;Impulso&#8221; 6=&#8221;de&#8221; 7=&#8221;los&#8221; 8=&#8221;Negocios&#8221; 9=&#8221;e&#8221; 10=&#8221;Inversiones&#8221; 11=&#8221;Internacionales&#8220;&#8221; text=&#8221;CAF present\u00f3 la iniciativa para [\u2026]\" \/>\n<meta property=\"og:url\" content=\"https:\/\/www.alide.org.pe\/en\/caf-presento-la-iniciativa-para-crear-un-mercado-del-carbono-en-alc\/\" \/>\n<meta property=\"og:site_name\" content=\"ALIDE\" \/>\n<meta property=\"article:publisher\" content=\"https:\/\/www.facebook.com\/alideoficial\/\" \/>\n<meta property=\"article:modified_time\" content=\"2022-06-09T23:37:44+00:00\" \/>\n<meta name=\"twitter:card\" content=\"summary_large_image\" \/>\n<meta name=\"twitter:site\" content=\"@_ALIDE_\" \/>\n<meta name=\"twitter:label1\" content=\"Est. reading time\" \/>\n\t<meta name=\"twitter:data1\" content=\"4 minutes\" \/>\n<script type=\"application\/ld+json\" class=\"yoast-schema-graph\">{\"@context\":\"https:\/\/schema.org\",\"@graph\":[{\"@type\":\"WebPage\",\"@id\":\"https:\/\/www.alide.org.pe\/en\/caf-presento-la-iniciativa-para-crear-un-mercado-del-carbono-en-alc\/\",\"url\":\"https:\/\/www.alide.org.pe\/en\/caf-presento-la-iniciativa-para-crear-un-mercado-del-carbono-en-alc\/\",\"name\":\"CAF present\u00f3 la iniciativa para crear un mercado del carbono en ALC - ALIDE\",\"isPartOf\":{\"@id\":\"https:\/\/www.alide.org.pe\/#website\"},\"datePublished\":\"2022-06-09T23:19:34+00:00\",\"dateModified\":\"2022-06-09T23:37:44+00:00\",\"breadcrumb\":{\"@id\":\"https:\/\/www.alide.org.pe\/en\/caf-presento-la-iniciativa-para-crear-un-mercado-del-carbono-en-alc\/#breadcrumb\"},\"inLanguage\":\"en-US\",\"potentialAction\":[{\"@type\":\"ReadAction\",\"target\":[\"https:\/\/www.alide.org.pe\/en\/caf-presento-la-iniciativa-para-crear-un-mercado-del-carbono-en-alc\/\"]}]},{\"@type\":\"BreadcrumbList\",\"@id\":\"https:\/\/www.alide.org.pe\/en\/caf-presento-la-iniciativa-para-crear-un-mercado-del-carbono-en-alc\/#breadcrumb\",\"itemListElement\":[{\"@type\":\"ListItem\",\"position\":1,\"name\":\"Portada\",\"item\":\"https:\/\/www.alide.org.pe\/en\/\"},{\"@type\":\"ListItem\",\"position\":2,\"name\":\"CAF present\u00f3 la iniciativa para crear un mercado del carbono en ALC\"}]},{\"@type\":\"WebSite\",\"@id\":\"https:\/\/www.alide.org.pe\/#website\",\"url\":\"https:\/\/www.alide.org.pe\/\",\"name\":\"ALIDE\",\"description\":\"Asociaci\u00f3n Latinoamericana de Instituciones Financieras para el Desarrollo\",\"potentialAction\":[{\"@type\":\"SearchAction\",\"target\":{\"@type\":\"EntryPoint\",\"urlTemplate\":\"https:\/\/www.alide.org.pe\/?s={search_term_string}\"},\"query-input\":{\"@type\":\"PropertyValueSpecification\",\"valueRequired\":true,\"valueName\":\"search_term_string\"}}],\"inLanguage\":\"en-US\"}]}<\/script>\n<!-- \/ Yoast SEO plugin. -->","yoast_head_json":{"title":"CAF present\u00f3 la iniciativa para crear un mercado del carbono en ALC - ALIDE","robots":{"index":"index","follow":"follow","max-snippet":"max-snippet:-1","max-image-preview":"max-image-preview:large","max-video-preview":"max-video-preview:-1"},"canonical":"https:\/\/www.alide.org.pe\/en\/caf-presento-la-iniciativa-para-crear-un-mercado-del-carbono-en-alc\/","og_locale":"en_US","og_type":"article","og_title":"CAF present\u00f3 la iniciativa para crear un mercado del carbono en ALC - ALIDE","og_description":"[vc_row 0=&#8221;&#8221;][vc_column 0=&#8221;&#8221;][vc_empty_space 0=&#8221;&#8221;][\/vc_column][\/vc_row][vc_row 0=&#8221;&#8221;][vc_column parallax=&#8221;content-moving&#8221; width=&#8221;1\/6&#8243;][\/vc_column][vc_column width=&#8221;2\/3&#8243;][vc_images_carousel images=&#8221;22307,22309,22311,22313&#8243; img_size=&#8221;large&#8221;][vc_custom_heading 1=&#8221;Latinoamericana&#8221; 2=&#8221;sobre&#8221; 3=&#8221;Financiamiento&#8221; 4=&#8221;e&#8221; 5=&#8221;Impulso&#8221; 6=&#8221;de&#8221; 7=&#8221;los&#8221; 8=&#8221;Negocios&#8221; 9=&#8221;e&#8221; 10=&#8221;Inversiones&#8221; 11=&#8221;Internacionales&#8220;&#8221; text=&#8221;CAF present\u00f3 la iniciativa para [\u2026]","og_url":"https:\/\/www.alide.org.pe\/en\/caf-presento-la-iniciativa-para-crear-un-mercado-del-carbono-en-alc\/","og_site_name":"ALIDE","article_publisher":"https:\/\/www.facebook.com\/alideoficial\/","article_modified_time":"2022-06-09T23:37:44+00:00","twitter_card":"summary_large_image","twitter_site":"@_ALIDE_","twitter_misc":{"Est. reading time":"4 minutes"},"schema":{"@context":"https:\/\/schema.org","@graph":[{"@type":"WebPage","@id":"https:\/\/www.alide.org.pe\/en\/caf-presento-la-iniciativa-para-crear-un-mercado-del-carbono-en-alc\/","url":"https:\/\/www.alide.org.pe\/en\/caf-presento-la-iniciativa-para-crear-un-mercado-del-carbono-en-alc\/","name":"CAF present\u00f3 la iniciativa para crear un mercado del carbono en ALC - ALIDE","isPartOf":{"@id":"https:\/\/www.alide.org.pe\/#website"},"datePublished":"2022-06-09T23:19:34+00:00","dateModified":"2022-06-09T23:37:44+00:00","breadcrumb":{"@id":"https:\/\/www.alide.org.pe\/en\/caf-presento-la-iniciativa-para-crear-un-mercado-del-carbono-en-alc\/#breadcrumb"},"inLanguage":"en-US","potentialAction":[{"@type":"ReadAction","target":["https:\/\/www.alide.org.pe\/en\/caf-presento-la-iniciativa-para-crear-un-mercado-del-carbono-en-alc\/"]}]},{"@type":"BreadcrumbList","@id":"https:\/\/www.alide.org.pe\/en\/caf-presento-la-iniciativa-para-crear-un-mercado-del-carbono-en-alc\/#breadcrumb","itemListElement":[{"@type":"ListItem","position":1,"name":"Portada","item":"https:\/\/www.alide.org.pe\/en\/"},{"@type":"ListItem","position":2,"name":"CAF present\u00f3 la iniciativa para crear un mercado del carbono en ALC"}]},{"@type":"WebSite","@id":"https:\/\/www.alide.org.pe\/#website","url":"https:\/\/www.alide.org.pe\/","name":"ALIDE","description":"Asociaci\u00f3n Latinoamericana de Instituciones Financieras para el Desarrollo","potentialAction":[{"@type":"SearchAction","target":{"@type":"EntryPoint","urlTemplate":"https:\/\/www.alide.org.pe\/?s={search_term_string}"},"query-input":{"@type":"PropertyValueSpecification","valueRequired":true,"valueName":"search_term_string"}}],"inLanguage":"en-US"}]}},"uagb_featured_image_src":{"full":false,"thumbnail":false,"medium":false,"medium_large":false,"large":false,"1536x1536":false,"2048x2048":false,"post-thumbnail":false,"50x50":false,"clients-slider":false,"slider-content":false,"testimonials":false,"blog-navi":false,"portfolio-mf":false,"portfolio-mf-w":false,"portfolio-mf-t":false,"portfolio-list":false,"blog-portfolio":false,"blog-single":false},"uagb_author_info":{"display_name":"ALIDE","author_link":"https:\/\/www.alide.org.pe\/en\/author\/hanguk\/"},"uagb_comment_info":0,"uagb_excerpt":"[vc_row 0=&#8221;&#8221;][vc_column 0=&#8221;&#8221;][vc_empty_space 0=&#8221;&#8221;][\/vc_column][\/vc_row][vc_row 0=&#8221;&#8221;][vc_column parallax=&#8221;content-moving&#8221; width=&#8221;1\/6&#8243;][\/vc_column][vc_column width=&#8221;2\/3&#8243;][vc_images_carousel images=&#8221;22307,22309,22311,22313&#8243; img_size=&#8221;large&#8221;][vc_custom_heading 1=&#8221;Latinoamericana&#8221; 2=&#8221;sobre&#8221; 3=&#8221;Financiamiento&#8221; 4=&#8221;e&#8221; 5=&#8221;Impulso&#8221; 6=&#8221;de&#8221; 7=&#8221;los&#8221; 8=&#8221;Negocios&#8221; 9=&#8221;e&#8221; 10=&#8221;Inversiones&#8221; 11=&#8221;Internacionales&#8220;&#8221; text=&#8221;CAF present\u00f3 la iniciativa para [\u2026]","_links":{"self":[{"href":"https:\/\/www.alide.org.pe\/en\/wp-json\/wp\/v2\/pages\/22306","targetHints":{"allow":["GET"]}}],"collection":[{"href":"https:\/\/www.alide.org.pe\/en\/wp-json\/wp\/v2\/pages"}],"about":[{"href":"https:\/\/www.alide.org.pe\/en\/wp-json\/wp\/v2\/types\/page"}],"author":[{"embeddable":true,"href":"https:\/\/www.alide.org.pe\/en\/wp-json\/wp\/v2\/users\/3"}],"replies":[{"embeddable":true,"href":"https:\/\/www.alide.org.pe\/en\/wp-json\/wp\/v2\/comments?post=22306"}],"version-history":[{"count":1,"href":"https:\/\/www.alide.org.pe\/en\/wp-json\/wp\/v2\/pages\/22306\/revisions"}],"predecessor-version":[{"id":22315,"href":"https:\/\/www.alide.org.pe\/en\/wp-json\/wp\/v2\/pages\/22306\/revisions\/22315"}],"wp:attachment":[{"href":"https:\/\/www.alide.org.pe\/en\/wp-json\/wp\/v2\/media?parent=22306"}],"curies":[{"name":"wp","href":"https:\/\/api.w.org\/{rel}","templated":true}]}}